{"id":1827,"date":"2025-02-27T12:34:27","date_gmt":"2025-02-27T11:34:27","guid":{"rendered":"https:\/\/porteursdevivres79.com\/?page_id=1827"},"modified":"2026-03-23T13:38:51","modified_gmt":"2026-03-23T12:38:51","slug":"le-projet","status":"publish","type":"page","link":"https:\/\/www.porteursdevivres.fr\/index.php\/le-projet\/","title":{"rendered":"Le projet"},"content":{"rendered":"<!--themify_builder_content-->\n<div id=\"themify_builder_content-1827\" data-postid=\"1827\" class=\"themify_builder_content themify_builder_content-1827 themify_builder tf_clear\">\n                    <div  data-css_id=\"f8e1542\" data-lazy=\"1\" class=\"module_row themify_builder_row fullwidth_row_container tb_f8e1542 tb_first tf_w\">\n                        <div class=\"row_inner col_align_top tb_col_count_1 tf_box tf_rel\">\n                        <div  data-lazy=\"1\" class=\"module_column tb-column col-full tb_3b2m542 first\">\n                    <!-- module fancy heading -->\n<div  class=\"module module-fancy-heading tb_juv0630  tb_hide_divider\" data-lazy=\"1\">\n        <h1 class=\"fancy-heading tf_textc\">\n    <span class=\"main-head tf_block\">\n                    Les origines            <\/span>\n\n    \n    <span class=\"sub-head tf_block tf_rel\">\n                                <\/span>\n    <\/h1>\n<\/div>\n<!-- \/module fancy heading -->\n        <div  data-lazy=\"1\" class=\"module_subrow themify_builder_sub_row tf_w col_align_top tb_col_count_2 tb_48er464\">\n                <div  data-lazy=\"1\" class=\"module_column sub_column col4-2 tb_l6i3464 first\">\n                    <!-- module box -->\n<div  class=\"module module-box tb_zf82582 \" data-lazy=\"1\">\n    <div class=\"module-box-content ui  tb_default_color\">\n                <div class=\"tb_text_wrap\"><p><iframe loading=\"lazy\" width=\"100%\" height=\"300\" scrolling=\"no\" frameborder=\"no\" allow=\"autoplay\" src=\"https:\/\/w.soundcloud.com\/player\/?url=https%3A\/\/api.soundcloud.com\/tracks\/813823639&#038;color=%23744043&#038;auto_play=false&#038;hide_related=false&#038;show_comments=true&#038;show_user=true&#038;show_reposts=false&#038;show_teaser=true&#038;visual=true\"><\/iframe><\/p>\n<div style=\"font-size: 10px; color: #cccccc;line-break: anywhere;word-break: normal;overflow: hidden;white-space: nowrap;text-overflow: ellipsis; font-family: Interstate,Lucida Grande,Lucida Sans Unicode,Lucida Sans,Garuda,Verdana,Tahoma,sans-serif;font-weight: 100;\"><a href=\"https:\/\/soundcloud.com\/radio-gatine\" title=\"Radio G\u00e2tine\" target=\"_blank\" style=\"color: #cccccc; text-decoration: none;\">Radio G\u00e2tine<\/a> \u00b7 <a href=\"https:\/\/soundcloud.com\/radio-gatine\/porteurs-de-vivres-de-bons-produits-pour-vaincre-lisolement\" title=\"Porteurs de vivres, de bons produits pour vaincre l\u2019isolement\" target=\"_blank\" style=\"color: #cccccc; text-decoration: none;\">Porteurs de vivres, de bons produits pour vaincre l\u2019isolement<\/a><\/div>\n<\/div>\n    <\/div>\n<\/div>\n<!-- \/module box -->\n        <\/div>\n                    <div  data-lazy=\"1\" class=\"module_column sub_column col4-2 tb_9i3f208 last\">\n                    <!-- module fancy heading -->\n<div  class=\"module module-fancy-heading tb_qn0z582  tb_hide_divider\" data-lazy=\"1\">\n        <h2 class=\"fancy-heading tf_textl\">\n    <span class=\"main-head tf_block\">\n                    7 avril 2020            <\/span>\n\n    \n    <span class=\"sub-head tf_block tf_rel\">\n                    Cr\u00e9ation de l'association Porteurs de Vivres            <\/span>\n    <\/h2>\n<\/div>\n<!-- \/module fancy heading -->\n<!-- module text -->\n<div  class=\"module module-text tb_4pqy777   \" data-lazy=\"1\">\n        <div  class=\"tb_text_wrap\">\n        <p>L&rsquo;objectif<span style=\"font-size: 1em;\">\u00a0est de f\u00e9d\u00e9rer les habitants du secteur de Champdeniers autour d\u2019un projet de consommation durable, solidaire et social.\u00a0<\/span><span style=\"font-size: 1em;\">Nous sommes alors au d\u00e9but du confinement et la question de l&rsquo;alimentation est primordiale. L&rsquo;association s&rsquo;organise avec les producteurs locaux pour proposer des produits de qualit\u00e9. Elle monte un site internet pour que chacun.e puisse composer son panier, et utilise la camionnette d\u2019un b\u00e9n\u00e9vole <\/span><span style=\"font-size: 1em;\">pour assurer les livraisons.<\/span><\/p>    <\/div>\n<\/div>\n<!-- \/module text -->        <\/div>\n                    <\/div>\n                <div  data-lazy=\"1\" class=\"module_subrow themify_builder_sub_row tf_w col_align_top tb_col_count_2 tb_5p9c433\">\n                <div  data-lazy=\"1\" class=\"module_column sub_column col4-2 tb_ggrd433 first\">\n                    <!-- module fancy heading -->\n<div  class=\"module module-fancy-heading tb_p4of433  hide-tablet hide-mobile tb_hide_divider\" data-lazy=\"1\">\n        <h2 class=\"fancy-heading tf_textr\">\n    <span class=\"main-head tf_block\">\n                    Ao\u00fbt 2020            <\/span>\n\n    \n    <span class=\"sub-head tf_block tf_rel\">\n                    Ouverture d'un local \u00e0 Champdeniers            <\/span>\n    <\/h2>\n<\/div>\n<!-- \/module fancy heading -->\n<!-- module fancy heading -->\n<div  class=\"module module-fancy-heading tb_yd3541  hide-desktop hide-tablet hide-tablet_landscape tb_hide_divider\" data-lazy=\"1\">\n        <h2 class=\"fancy-heading tf_textl\">\n    <span class=\"main-head tf_block\">\n                    Ao\u00fbt 2020            <\/span>\n\n    \n    <span class=\"sub-head tf_block tf_rel\">\n                    Ouverture d'un local \u00e0 Champdeniers            <\/span>\n    <\/h2>\n<\/div>\n<!-- \/module fancy heading -->\n<!-- module text -->\n<div  class=\"module module-text tb_na0l433    hide-mobile\" data-lazy=\"1\">\n        <div  class=\"tb_text_wrap\">\n        <p>Les premiers paniers sont d\u2019abord joyeusement pr\u00e9par\u00e9s sous une grande avanc\u00e9e de toit d\u2019un b\u00e9n\u00e9vole, avant que notre action commence \u00e0 germer \u00e0 travers le pr\u00eat, \u00e0 titre gracieux, d\u2019un premier local rue de Gen\u00e8ve pendant quelques mois.<\/p>\n<p data-node=\"wbfj56vm4s9r\"><a href=\"https:\/\/cmonterritoire79.fr\/gatine\/porteurs-de-vivres-lassociation-prend-racine\/\"><strong>\u00ab Porteurs de Vivres \u00bb, l\u2019association prend racine<\/strong><\/a> <br>(<em>C Mon Territoire)<\/em><\/p>\n<p style=\"text-align: right;\">\u00a0<\/p>    <\/div>\n<\/div>\n<!-- \/module text --><!-- module text -->\n<div  class=\"module module-text tb_dtmx25    hide-desktop hide-tablet hide-tablet_landscape\" data-lazy=\"1\">\n        <div  class=\"tb_text_wrap\">\n        <p style=\"text-align: left;\"><span style=\"text-align: right;\">Les premiers paniers sont d\u2019abord joyeusement pr\u00e9par\u00e9s sous une grande avanc\u00e9e de toit d\u2019un b\u00e9n\u00e9vole, avant que notre action commence \u00e0 germer \u00e0\u00a0<\/span><span style=\"text-align: right;\">travers le pr\u00eat, \u00e0 titre gracieux, d\u2019un premier local rue de Gen\u00e8ve pendant quelques mois.<\/span><\/p>\n<p style=\"text-align: left;\"><a href=\"https:\/\/cmonterritoire79.fr\/gatine\/porteurs-de-vivres-lassociation-prend-racine\/\"><strong>\u00ab Porteurs de Vivres \u00bb, l\u2019association prend racine<\/strong><\/a> <span style=\"text-align: right;\">(<em>C Mon Territoire)<\/em>\u00a0<\/span><\/p>    <\/div>\n<\/div>\n<!-- \/module text -->        <\/div>\n                    <div  data-lazy=\"1\" class=\"module_column sub_column col4-2 tb_hg8l433 last\">\n                    <!-- module image -->\n<div  class=\"module module-image tb_x7ej198 image-center   auto_fullwidth tf_mw\" data-lazy=\"1\">\n        <div class=\"image-wrap tf_rel tf_mw\">\n            <img decoding=\"async\" src=\"http:\/\/porteursdevivres79.com\/wp-content\/uploads\/2025\/03\/600_porteursdevivres2.webp\" title=\"Le projet\" alt=\"Le projet\">    \n        <\/div>\n    <!-- \/image-wrap -->\n    \n        <\/div>\n<!-- \/module image -->        <\/div>\n                    <\/div>\n                <div  data-lazy=\"1\" class=\"module_subrow themify_builder_sub_row tf_w col_align_top tb_col_count_2 tb_mh6n384\">\n                <div  data-lazy=\"1\" class=\"module_column sub_column col4-2 tb_qd7l384 first\">\n                    <!-- module image -->\n<div  class=\"module module-image tb_wt22384 image-top   tf_mw\" data-lazy=\"1\">\n        <div class=\"image-wrap tf_rel tf_mw\">\n            <a href=\"https:\/\/drive.google.com\/drive\/folders\/157LHmpMprGa1slUlsZmETBSYOeYssrUb\">\n                   <img loading=\"lazy\" decoding=\"async\" src=\"http:\/\/porteursdevivres79.com\/wp-content\/uploads\/2025\/03\/PETIT_REPORTEUR.png\" width=\"800\" height=\"600\" title=\"Le projet\" alt=\"Le projet\">        <\/a>\n    \n        <\/div>\n    <!-- \/image-wrap -->\n    \n        <\/div>\n<!-- \/module image -->        <\/div>\n                    <div  data-lazy=\"1\" class=\"module_column sub_column col4-2 tb_c43e384 last\">\n                    <!-- module fancy heading -->\n<div  class=\"module module-fancy-heading tb_3v13384  tb_hide_divider\" data-lazy=\"1\">\n        <h2 class=\"fancy-heading tf_textl\">\n    <span class=\"main-head tf_block\">\n                    D\u00e9cembre 2020            <\/span>\n\n    \n    <span class=\"sub-head tf_block tf_rel\">\n                    Lancement de la gazette Le Petit Re-Porteur            <\/span>\n    <\/h2>\n<\/div>\n<!-- \/module fancy heading -->\n<!-- module text -->\n<div  class=\"module module-text tb_3kwc384   \" data-lazy=\"1\">\n        <div  class=\"tb_text_wrap\">\n        <p style=\"text-align: left;\">L&rsquo;\u00e9quipe r\u00e9dige sa propre feuille de chou,\u00a0<span style=\"font-size: 1em;\">avec son c\u00e9l\u00e8bre \u00e9dito, ses recettes, et des suggestions de lecture.<\/span><span style=\"font-size: 1em;\">\u00a0Imprim\u00e9e \u00e0 Champdeniers gr\u00e2ce au soutien du centre Socioculturel Les Unis Vers En Val de G\u00e2tine. Elle est distribu\u00e9e gratuitement.\u00a0<\/span><\/p>    <\/div>\n<\/div>\n<!-- \/module text --><!-- module buttons -->\n<div  class=\"module module-buttons tb_5yn4677 buttons-horizontal outline  \" data-lazy=\"1\">\n        <div class=\"module-buttons-item tf_in_flx\">\n                        <a href=\"https:\/\/drive.google.com\/drive\/folders\/157LHmpMprGa1slUlsZmETBSYOeYssrUb\" class=\"ui builder_button tf_in_flx tb_default_color\" >\n                                                Voir les num\u00e9ros parus                                        <\/a>\n                <\/div>\n            <\/div>\n<!-- \/module buttons -->\n        <\/div>\n                    <\/div>\n                <div  data-lazy=\"1\" class=\"module_subrow themify_builder_sub_row tf_w col_align_top tb_col_count_2 tb_yiya989\">\n                <div  data-lazy=\"1\" class=\"module_column sub_column col4-2 tb_sob6989 first\">\n                    <!-- module fancy heading -->\n<div  class=\"module module-fancy-heading tb_sg5t989  hide-mobile tb_hide_divider\" data-lazy=\"1\">\n        <h2 class=\"fancy-heading tf_textr\">\n    <span class=\"main-head tf_block\">\n                    F\u00e9vrier 2021            <\/span>\n\n    \n    <span class=\"sub-head tf_block tf_rel\">\n                    Cr\u00e9ation du groupe \"Les Cueilleurs de Vivres\"            <\/span>\n    <\/h2>\n<\/div>\n<!-- \/module fancy heading -->\n<!-- module fancy heading -->\n<div  class=\"module module-fancy-heading tb_byit4  hide-desktop hide-tablet hide-tablet_landscape tb_hide_divider\" data-lazy=\"1\">\n        <h2 class=\"fancy-heading tf_textl\">\n    <span class=\"main-head tf_block\">\n                    F\u00e9vrier 2021            <\/span>\n\n    \n    <span class=\"sub-head tf_block tf_rel\">\n                    Cr\u00e9ation du groupe \"Les Cueilleurs de Vivres\"            <\/span>\n    <\/h2>\n<\/div>\n<!-- \/module fancy heading -->\n<!-- module text -->\n<div  class=\"module module-text tb_kde0989    hide-mobile\" data-lazy=\"1\">\n        <div  class=\"tb_text_wrap\">\n        <p style=\"text-align: right;\">Le groupe des Cueilleurs de Vivres pratique l\u2019ancienne tradition des gl\u00e2nages chez des particuliers ou des professionnels. Apr\u00e8s la r\u00e9colte m\u00e9canique, de nombreux fruits et l\u00e9gumes restent en place, par manque de temps et main-d\u2019oeuvre, ceux-ci sont souvent redonn\u00e9s \u00e0 la terre. Nous les ramassons pour les distribuer dans les r\u00e9seaux d\u2019aide alimentaire autour de Champdeniers. En 2022, c\u2019est environ 2 tonnes de l\u00e9gumes qui ont \u00e9t\u00e9 partag\u00e9s pour le plaisir de tous. Cette action a \u00e9t\u00e9 r\u00e9compens\u00e9e par le prix <a href=\"https:\/\/dsne.org\/qui-sommes-nous\/prix-meleagrine\/\"><strong>M\u00e9l\u00e9agrine<\/strong><\/a> 2022,\u00a0<span style=\"font-size: 1em;\">d\u00e9cern\u00e9 par DSNE.<\/span><\/p>    <\/div>\n<\/div>\n<!-- \/module text --><!-- module text -->\n<div  class=\"module module-text tb_tb7p579    hide-desktop hide-tablet hide-tablet_landscape\" data-lazy=\"1\">\n        <div  class=\"tb_text_wrap\">\n        <p style=\"text-align: left;\">Le groupe des Cueilleurs de Vivres pratique l\u2019ancienne tradition des gl\u00e2nages chez des particuliers ou des professionnels. Apr\u00e8s la r\u00e9colte m\u00e9canique, de nombreux fruits et l\u00e9gumes restent en place, par manque de temps et main-d\u2019oeuvre, ceux-ci sont souvent redonn\u00e9s \u00e0 la terre. Nous les ramassons pour les distribuer dans les r\u00e9seaux d\u2019aide alimentaire autour de Champdeniers. En 2022, c\u2019est environ 2 tonnes de l\u00e9gumes qui ont \u00e9t\u00e9 partag\u00e9s pour le plaisir de tous. Cette action a \u00e9t\u00e9 r\u00e9compens\u00e9e par le prix <a href=\"https:\/\/dsne.org\/qui-sommes-nous\/prix-meleagrine\/\"><strong>M\u00e9l\u00e9agrine<\/strong><\/a> 2022,\u00a0<span style=\"font-size: 1em;\">d\u00e9cern\u00e9 par DSNE.<\/span><\/p>    <\/div>\n<\/div>\n<!-- \/module text -->        <\/div>\n                    <div  data-lazy=\"1\" class=\"module_column sub_column col4-2 tb_d8pj989 last\">\n                    <!-- module image -->\n<div  class=\"module module-image tb_fpt3989 image-top   auto_fullwidth tf_mw\" data-lazy=\"1\">\n        <div class=\"image-wrap tf_rel tf_mw\">\n            <img loading=\"lazy\" decoding=\"async\" src=\"http:\/\/porteursdevivres79.com\/wp-content\/uploads\/2025\/03\/CUEILLEURS_VIVRES2.jpg\" width=\"800\" height=\"600\" title=\"Le projet\" alt=\"Le projet\">    \n        <\/div>\n    <!-- \/image-wrap -->\n    \n        <\/div>\n<!-- \/module image -->        <\/div>\n                    <\/div>\n                <div  data-lazy=\"1\" class=\"module_subrow themify_builder_sub_row tf_w col_align_top tb_col_count_2 tb_7f9p769\">\n                <div  data-lazy=\"1\" class=\"module_column sub_column col4-2 tb_dhev769 first\">\n                    <!-- module image -->\n<div  class=\"module module-image tb_q7ls769 image-top   tf_mw\" data-lazy=\"1\">\n        <div class=\"image-wrap tf_rel tf_mw\">\n            <img loading=\"lazy\" decoding=\"async\" src=\"http:\/\/porteursdevivres79.com\/wp-content\/uploads\/2025\/02\/PDV_BANNER_EPICERIE_2-2.jpg\" width=\"2048\" height=\"922\" title=\"Le projet\" alt=\"Le projet\">    \n        <\/div>\n    <!-- \/image-wrap -->\n    \n        <\/div>\n<!-- \/module image -->        <\/div>\n                    <div  data-lazy=\"1\" class=\"module_column sub_column col4-2 tb_wimk769 last\">\n                    <!-- module fancy heading -->\n<div  class=\"module module-fancy-heading tb_nbyx769  tb_hide_divider\" data-lazy=\"1\">\n        <h2 class=\"fancy-heading tf_textl\">\n    <span class=\"main-head tf_block\">\n                    Ao\u00fbt 2021            <\/span>\n\n    \n    <span class=\"sub-head tf_block tf_rel\">\n                    Ouverture d'une \u00e9picerie place du Champ-de-Foire            <\/span>\n    <\/h2>\n<\/div>\n<!-- \/module fancy heading -->\n<!-- module text -->\n<div  class=\"module module-text tb_kxcs769   \" data-lazy=\"1\">\n        <div  class=\"tb_text_wrap\">\n        <p style=\"text-align: left;\">Gr\u00e2ce au plan France-Relance, l&rsquo;association s&rsquo;installe et investit dans du mat\u00e9riel qui p\u00e9rennise son activit\u00e9.<\/p>    <\/div>\n<\/div>\n<!-- \/module text -->        <\/div>\n                    <\/div>\n                <div  data-lazy=\"1\" class=\"module_subrow themify_builder_sub_row tf_w col_align_top tb_col_count_2 tb_tppk144\">\n                <div  data-lazy=\"1\" class=\"module_column sub_column col4-2 tb_5tcn144 first\">\n                    <!-- module fancy heading -->\n<div  class=\"module module-fancy-heading tb_7d3g144  hide-mobile tb_hide_divider\" data-lazy=\"1\">\n        <h2 class=\"fancy-heading tf_textr\">\n    <span class=\"main-head tf_block\">\n                    Juin 2024            <\/span>\n\n    \n    <span class=\"sub-head tf_block tf_rel\">\n                    Des produits bio \u00e0 prix bas            <\/span>\n    <\/h2>\n<\/div>\n<!-- \/module fancy heading -->\n<!-- module fancy heading -->\n<div  class=\"module module-fancy-heading tb_cg6w144  hide-desktop hide-tablet hide-tablet_landscape tb_hide_divider\" data-lazy=\"1\">\n        <h2 class=\"fancy-heading tf_textl\">\n    <span class=\"main-head tf_block\">\n                    Juin 2024            <\/span>\n\n    \n    <span class=\"sub-head tf_block tf_rel\">\n                    Des produits bio \u00e0 prix bas            <\/span>\n    <\/h2>\n<\/div>\n<!-- \/module fancy heading -->\n<!-- module text -->\n<div  class=\"module module-text tb_acow144    hide-mobile\" data-lazy=\"1\">\n        <div  class=\"tb_text_wrap\">\n        <p style=\"text-align: right;\"><span style=\"font-weight: 400;\">Notre adh\u00e9sion \u00e0 l\u2019<strong>ANEB<\/strong> (Association Nationale des \u00c9piciers Bio) permet \u00e9galement de compl\u00e9ter son panier avec des produits bios \u00e0 prix bas et \u00e0 prix justes, sous la marque <a href=\"https:\/\/www.elibio.eu\/a-propos-de-elibio\/\">Elibio<\/a>, tels que des conserves, p\u00e2tes, caf\u00e9, sucre, etc&#8230;<\/span><\/p>    <\/div>\n<\/div>\n<!-- \/module text --><!-- module text -->\n<div  class=\"module module-text tb_bfrr144    hide-desktop hide-tablet hide-tablet_landscape\" data-lazy=\"1\">\n        <div  class=\"tb_text_wrap\">\n        <p style=\"text-align: left;\"><span style=\"font-weight: 400;\">Notre adh\u00e9sion \u00e0 l\u2019<strong>ANEB<\/strong> (Association Nationale des \u00c9piciers Bio) permet \u00e9galement de compl\u00e9ter son panier avec des produits bios \u00e0 prix bas et \u00e0 prix justes, sous la marque <a href=\"https:\/\/www.elibio.eu\/a-propos-de-elibio\/\">Elibio<\/a>, tels que des conserves, p\u00e2tes, caf\u00e9, sucre, etc&#8230;<\/span><\/p>    <\/div>\n<\/div>\n<!-- \/module text -->        <\/div>\n                    <div  data-lazy=\"1\" class=\"module_column sub_column col4-2 tb_oa7x144 last\">\n                    <!-- module image -->\n<div  class=\"module module-image tb_kase144 image-top   auto_fullwidth tf_mw\" data-lazy=\"1\">\n        <div class=\"image-wrap tf_rel tf_mw\">\n            <img loading=\"lazy\" decoding=\"async\" src=\"http:\/\/porteursdevivres79.com\/wp-content\/uploads\/2026\/02\/2024_06_C-mon-Territoire.jpg\" width=\"800\" height=\"600\" title=\"Le projet\" alt=\"Le projet\">    \n        <\/div>\n    <!-- \/image-wrap -->\n    \n        <\/div>\n<!-- \/module image --><!-- module copyright -->\n<div  class=\"module module-copyright tb_mz6r900 \" data-lazy=\"1\">\n    \n    <div class=\"tb_copyright\">\n        \u00a9 C Mon Territoire    <\/div>\n\n<\/div><!-- \/module copyright -->        <\/div>\n                    <\/div>\n                <\/div>\n                        <\/div>\n        <\/div>\n                        <div  data-lazy=\"1\" class=\"module_row themify_builder_row tb_eycv339 tf_w\">\n                        <div class=\"row_inner col_align_top tb_col_count_1 tf_box tf_rel\">\n                        <div  data-lazy=\"1\" class=\"module_column tb-column col-full tb_h8f4339 first\">\n                    <!-- module fancy heading -->\n<div  class=\"module module-fancy-heading tb_75jr915  tb_hide_divider\" data-lazy=\"1\">\n        <h1 class=\"fancy-heading tf_textc\">\n    <span class=\"main-head tf_block\">\n                    Et aujourd'hui            <\/span>\n\n    \n    <span class=\"sub-head tf_block tf_rel\">\n                                <\/span>\n    <\/h1>\n<\/div>\n<!-- \/module fancy heading -->\n<!-- module text -->\n<div  class=\"module module-text tb_yw3r339   \" data-lazy=\"1\">\n        <div  class=\"tb_text_wrap\">\n        <p style=\"text-align: center;\">Venez vous r\u00e9galer avec les <strong>produits BIO\u00a0de nos producteurs locaux<\/strong> : l\u00e9gumes et fruits de saison, pains, fromages et laitages de ch\u00e8vre, miel, volailles, viande de b\u0153uf, bi\u00e8res, savons&#8230; <strong>r\u00e9mun\u00e9rant au juste prix les producteurs<\/strong>. Gamme ELIBIO et autres produits de consommation courante.<\/p>    <\/div>\n<\/div>\n<!-- \/module text -->        <\/div>\n                        <\/div>\n        <\/div>\n                        <div  data-css_id=\"9qe2153\" data-lazy=\"1\" class=\"module_row themify_builder_row fullwidth tb_9qe2153 tf_w\">\n                        <div class=\"row_inner col_align_top tb_col_count_1 tf_box tf_rel\">\n                        <div  data-lazy=\"1\" class=\"module_column tb-column col-full tb_76u0153 first\">\n                    <!-- module template_part -->\n<div  class=\"module module-layout-part tb_uwwz931 \">\n    <div class=\"tb_layout_part_wrap tf_w\"><!--themify_builder_content-->\n    <div  class=\"themify_builder_content themify_builder_content-4767 themify_builder not_editable_builder in_the_loop\" data-postid=\"4767\">\n                        <div  data-css_id=\"0f03613\" data-lazy=\"1\" class=\"module_row themify_builder_row fullwidth tb_0f03613 tf_w tb_link_outline\" data-tb_link=\"https:\/\/porteursdevivres79.com\/index.php\/le-benevolat\/\">\n                        <div class=\"row_inner col_align_top tb_col_count_1 tf_box tf_rel\">\n                        <div  data-lazy=\"1\" class=\"module_column tb-column col-full tb_u62c613 first\">\n                    <!-- module text -->\n<div  class=\"module module-text tb_xdce613   \" data-lazy=\"1\">\n        <div  class=\"tb_text_wrap\">\n        <h2 style=\"text-align: center;\">suivez nos derni\u00e8res actualit\u00e9s sur Facebook<\/h2>    <\/div>\n<\/div>\n<!-- \/module text --><!-- module plain text -->\n<div  class=\"module module-plain-text tb_mw1j613 \" data-lazy=\"1\">\n        <div class=\"tb_text_wrap\">\n    <div class=\"powr-social-feed\" id=\"54181332_1772466543\"><\/div><script src=\"https:\/\/www.powr.io\/powr.js?platform=wordpress\"><\/script>    <\/div>\n<\/div>\n<!-- \/module plain text -->        <\/div>\n                        <\/div>\n        <\/div>\n            <\/div>\n<!--\/themify_builder_content--><\/div>\n<\/div>\n<!-- \/module template_part -->        <\/div>\n                        <\/div>\n        <\/div>\n                        <div  data-lazy=\"1\" class=\"module_row themify_builder_row tb_nxog181 tf_w\">\n                        <div class=\"row_inner col_align_top tb_col_count_1 tf_box tf_rel\">\n                        <div  data-lazy=\"1\" class=\"module_column tb-column col-full tb_bc7p181 first\">\n                    <!-- module fancy heading -->\n<div  class=\"module module-fancy-heading tb_smxy181  tb_hide_divider\" data-lazy=\"1\">\n        <h1 class=\"fancy-heading tf_textc\">\n    <span class=\"main-head tf_block\">\n                    Projet annexes            <\/span>\n\n    \n    <span class=\"sub-head tf_block tf_rel\">\n                                <\/span>\n    <\/h1>\n<\/div>\n<!-- \/module fancy heading -->\n<!-- module text -->\n<div  class=\"module module-text tb_kmih762   \" data-lazy=\"1\">\n        <div  class=\"tb_text_wrap\">\n        <p style=\"text-align: center;\">L\u2019association s\u2019est donn\u00e9 pour mission la sauvegarde de notre \u00e9cosyst\u00e8me dans sa globalit\u00e9, sans lequel vivre sur notre canton n\u2019est qu\u2019un concept vide de sens. Cela comprend donc l\u2019environnement bien s\u00fbr, mais aussi l\u2019\u00e9conomie, le lien interg\u00e9n\u00e9rationnel, la solidarit\u00e9 par le partage (mat\u00e9riel, connaissances\u2026) bref ce qui s\u2019\u00e9change et se transmet.<\/p>    <\/div>\n<\/div>\n<!-- \/module text -->        <div  data-lazy=\"1\" class=\"module_subrow themify_builder_sub_row tf_w col_align_top tb_col_count_3 tb_42tg181\">\n                <div  data-lazy=\"1\" class=\"module_column sub_column col3-1 tb_aohc181 first\">\n                    <!-- module image -->\n<div  class=\"module module-image tb_idic181 image-top   tf_mw\" data-lazy=\"1\">\n        <div class=\"image-wrap tf_rel tf_mw\">\n            <img loading=\"lazy\" decoding=\"async\" src=\"http:\/\/porteursdevivres79.com\/wp-content\/uploads\/2025\/11\/PDV_MainsDansLaTerre.jpg\" width=\"1024\" height=\"1024\" title=\"Le projet\" alt=\"Le projet\">    \n        <\/div>\n    <!-- \/image-wrap -->\n    \n        <\/div>\n<!-- \/module image --><!-- module fancy heading -->\n<div  class=\"module module-fancy-heading tb_84k8181  tb_hide_divider\" data-lazy=\"1\">\n        <h3 class=\"fancy-heading tf_textc\">\n    <span class=\"main-head tf_block\">\n                    Les Mains dans la Terre            <\/span>\n\n    \n    <span class=\"sub-head tf_block tf_rel\">\n                    Potager collectif            <\/span>\n    <\/h3>\n<\/div>\n<!-- \/module fancy heading -->\n<!-- module text -->\n<div  class=\"module module-text tb_kzjg181   \" data-lazy=\"1\">\n        <div  class=\"tb_text_wrap\">\n        <p style=\"text-align: center;\"><span style=\"text-align: center;\">En 2021, le projet d\u2019un potager collectif pour cultiver l\u2019autonomie alimentaire et la transmission des savoirs a vu le jour \u00e0 travers le lancement d\u2019une autre association \u00ab\u00a0<\/span><span style=\"background-image: none; background-clip: border-box; text-align: center; font-weight: bold;\">Les Mains dans la Terre<\/span><span style=\"text-align: center;\">.\u00a0\u00bb<\/span><\/p>    <\/div>\n<\/div>\n<!-- \/module text -->        <\/div>\n                    <div  data-lazy=\"1\" class=\"module_column sub_column col3-1 tb_kjjp181\">\n                    <!-- module image -->\n<div  class=\"module module-image tb_b0r4181 image-center   tf_mw\" data-lazy=\"1\">\n        <div class=\"image-wrap tf_rel tf_mw\">\n            <img loading=\"lazy\" decoding=\"async\" src=\"http:\/\/porteursdevivres79.com\/wp-content\/uploads\/2025\/07\/JARDINIERS_DU_PARADIS_CHAMPDENIERS.jpg\" width=\"420\" height=\"2048\" title=\"Le projet\" alt=\"Le projet\">    \n        <\/div>\n    <!-- \/image-wrap -->\n    \n        <\/div>\n<!-- \/module image --><!-- module fancy heading -->\n<div  class=\"module module-fancy-heading tb_yehr181  tb_hide_divider\" data-lazy=\"1\">\n        <h3 class=\"fancy-heading tf_textc\">\n    <span class=\"main-head tf_block\">\n                    Les Jardiniers du Paradis            <\/span>\n\n    \n    <span class=\"sub-head tf_block tf_rel\">\n                    F\u00eate des Plantes            <\/span>\n    <\/h3>\n<\/div>\n<!-- \/module fancy heading -->\n<!-- module text -->\n<div  class=\"module module-text tb_uhg7181   \" data-lazy=\"1\">\n        <div  class=\"tb_text_wrap\">\n        <p style=\"text-align: center;\">En 2022, des membres de Porteurs de Vivres se sont investis pour permettre \u00e0\u00a0<a href=\"http:\/\/jardiniersduparadis.fr\/\"><strong>la\u00a0<\/strong><\/a><strong>f\u00eate des 20 ans des Jardiniers du Paradis<\/strong>\u00a0d\u2019avoir lieu dans les meilleurs conditions \u00e0 travers la cr\u00e9ation d\u2019une association d\u00e9di\u00e9e \u00e0 ce projet.<\/p>    <\/div>\n<\/div>\n<!-- \/module text -->        <\/div>\n                    <div  data-lazy=\"1\" class=\"module_column sub_column col3-1 tb_955t181 last\">\n                    <!-- module image -->\n<div  class=\"module module-image tb_j7xu181 image-center   tf_mw\" data-lazy=\"1\">\n        <div class=\"image-wrap tf_rel tf_mw\">\n            <img loading=\"lazy\" decoding=\"async\" src=\"http:\/\/porteursdevivres79.com\/wp-content\/uploads\/2025\/11\/PDV_BENEVOLAT.jpg\" width=\"420\" height=\"1024\" title=\"Le projet\" alt=\"Le projet\">    \n        <\/div>\n    <!-- \/image-wrap -->\n    \n        <\/div>\n<!-- \/module image --><!-- module fancy heading -->\n<div  class=\"module module-fancy-heading tb_div6181  tb_hide_divider\" data-lazy=\"1\">\n        <h3 class=\"fancy-heading tf_textc\">\n    <span class=\"main-head tf_block\">\n                    F\u00eate du Chanvre            <\/span>\n\n    \n    <span class=\"sub-head tf_block tf_rel\">\n                    \u00e0 Cherveux            <\/span>\n    <\/h3>\n<\/div>\n<!-- \/module fancy heading -->\n<!-- module text -->\n<div  class=\"module module-text tb_h68i181   \" data-lazy=\"1\">\n        <div  class=\"tb_text_wrap\">\n        <p style=\"text-align: center;\">En 2023 et en 2024, Porteurs de Vivres s&rsquo;est occup\u00e9 de la restauration lors de la <strong><a href=\"https:\/\/www.facebook.com\/p\/F%C3%AAte-du-Chanvre-Ch%C3%A2teau-de-Cherveux-100093609062933\/\">F\u00eate du Chanvre <\/a><\/strong>\u00e0 Cherveux.<\/p>    <\/div>\n<\/div>\n<!-- \/module text -->        <\/div>\n                    <\/div>\n                <\/div>\n                        <\/div>\n        <\/div>\n        <\/div>\n<!--\/themify_builder_content-->","protected":false},"excerpt":{"rendered":"<p>L&rsquo;objectif\u00a0est de f\u00e9d\u00e9rer les habitants du secteur de Champdeniers autour d\u2019un projet de consommation durable, solidaire et social.\u00a0Nous sommes alors au d\u00e9but du confinement et la question de l&rsquo;alimentation est primordiale. L&rsquo;association s&rsquo;organise avec les producteurs locaux pour proposer des produits de qualit\u00e9. Elle monte un site internet pour que chacun.e puisse composer son panier, [&hellip;]<\/p>\n","protected":false},"author":4,"featured_media":0,"parent":0,"menu_order":0,"comment_status":"closed","ping_status":"closed","template":"","meta":{"footnotes":""},"class_list":["post-1827","page","type-page","status-publish","hentry","has-post-title","has-post-date","has-post-category","has-post-tag","has-post-comment","has-post-author",""],"builder_content":"<h1>Les origines<br\/><\/h1>\n<p><iframe loading=\"lazy\" width=\"100%\" height=\"300\" scrolling=\"no\" frameborder=\"no\" allow=\"autoplay\" src=\"https:\/\/w.soundcloud.com\/player\/?url=https%3A\/\/api.soundcloud.com\/tracks\/813823639&color=%23744043&auto_play=false&hide_related=false&show_comments=true&show_user=true&show_reposts=false&show_teaser=true&visual=true\"><\/iframe><\/p> <a href=\"https:\/\/soundcloud.com\/radio-gatine\" title=\"Radio G\u00e2tine\" target=\"_blank\" style=\"color: #cccccc; text-decoration: none;\">Radio G\u00e2tine<\/a> \u00b7 <a href=\"https:\/\/soundcloud.com\/radio-gatine\/porteurs-de-vivres-de-bons-produits-pour-vaincre-lisolement\" title=\"Porteurs de vivres, de bons produits pour vaincre l\u2019isolement\" target=\"_blank\" style=\"color: #cccccc; text-decoration: none;\">Porteurs de vivres, de bons produits pour vaincre l\u2019isolement<\/a>\n<h2>7 avril 2020<br\/>Cr\u00e9ation de l'association Porteurs de Vivres<\/h2>\n<p>L'objectif\u00a0est de f\u00e9d\u00e9rer les habitants du secteur de Champdeniers autour d\u2019un projet de consommation durable, solidaire et social.\u00a0Nous sommes alors au d\u00e9but du confinement et la question de l'alimentation est primordiale. L'association s'organise avec les producteurs locaux pour proposer des produits de qualit\u00e9. Elle monte un site internet pour que chacun.e puisse composer son panier, et utilise la camionnette d\u2019un b\u00e9n\u00e9vole pour assurer les livraisons.<\/p>\n<h2>Ao\u00fbt 2020<br\/>Ouverture d'un local \u00e0 Champdeniers<\/h2>\n<h2>Ao\u00fbt 2020<br\/>Ouverture d'un local \u00e0 Champdeniers<\/h2>\n<p>Les premiers paniers sont d\u2019abord joyeusement pr\u00e9par\u00e9s sous une grande avanc\u00e9e de toit d\u2019un b\u00e9n\u00e9vole, avant que notre action commence \u00e0 germer \u00e0 travers le pr\u00eat, \u00e0 titre gracieux, d\u2019un premier local rue de Gen\u00e8ve pendant quelques mois.<\/p> <p data-node=\"wbfj56vm4s9r\"><a href=\"https:\/\/cmonterritoire79.fr\/gatine\/porteurs-de-vivres-lassociation-prend-racine\/\"><strong>\u00ab Porteurs de Vivres \u00bb, l\u2019association prend racine<\/strong><\/a> <br>(<em>C Mon Territoire)<\/em><\/p> <p style=\"text-align: right;\">\u00a0<\/p>\n<p style=\"text-align: left;\">Les premiers paniers sont d\u2019abord joyeusement pr\u00e9par\u00e9s sous une grande avanc\u00e9e de toit d\u2019un b\u00e9n\u00e9vole, avant que notre action commence \u00e0 germer \u00e0\u00a0travers le pr\u00eat, \u00e0 titre gracieux, d\u2019un premier local rue de Gen\u00e8ve pendant quelques mois.<\/p> <p style=\"text-align: left;\"><a href=\"https:\/\/cmonterritoire79.fr\/gatine\/porteurs-de-vivres-lassociation-prend-racine\/\"><strong>\u00ab Porteurs de Vivres \u00bb, l\u2019association prend racine<\/strong><\/a> (<em>C Mon Territoire)<\/em>\u00a0<\/p>\n<img src=\"http:\/\/porteursdevivres79.com\/wp-content\/uploads\/2025\/03\/600_porteursdevivres2.webp\" title=\"Le projet\" alt=\"Le projet\">\n<a href=\"https:\/\/drive.google.com\/drive\/folders\/157LHmpMprGa1slUlsZmETBSYOeYssrUb\"> <img src=\"http:\/\/porteursdevivres79.com\/wp-content\/uploads\/2025\/03\/PETIT_REPORTEUR.png\" width=\"800\" height=\"600\" title=\"Le projet\" alt=\"Le projet\"> <\/a>\n<h2>D\u00e9cembre 2020<br\/>Lancement de la gazette Le Petit Re-Porteur<\/h2>\n<p style=\"text-align: left;\">L'\u00e9quipe r\u00e9dige sa propre feuille de chou,\u00a0avec son c\u00e9l\u00e8bre \u00e9dito, ses recettes, et des suggestions de lecture.\u00a0Imprim\u00e9e \u00e0 Champdeniers gr\u00e2ce au soutien du centre Socioculturel Les Unis Vers En Val de G\u00e2tine. Elle est distribu\u00e9e gratuitement.\u00a0<\/p>\n<a href=\"https:\/\/drive.google.com\/drive\/folders\/157LHmpMprGa1slUlsZmETBSYOeYssrUb\" > Voir les num\u00e9ros parus <\/a>\n<h2>F\u00e9vrier 2021<br\/>Cr\u00e9ation du groupe \"Les Cueilleurs de Vivres\"<\/h2>\n<h2>F\u00e9vrier 2021<br\/>Cr\u00e9ation du groupe \"Les Cueilleurs de Vivres\"<\/h2>\n<p style=\"text-align: right;\">Le groupe des Cueilleurs de Vivres pratique l\u2019ancienne tradition des gl\u00e2nages chez des particuliers ou des professionnels. Apr\u00e8s la r\u00e9colte m\u00e9canique, de nombreux fruits et l\u00e9gumes restent en place, par manque de temps et main-d\u2019oeuvre, ceux-ci sont souvent redonn\u00e9s \u00e0 la terre. Nous les ramassons pour les distribuer dans les r\u00e9seaux d\u2019aide alimentaire autour de Champdeniers. En 2022, c\u2019est environ 2 tonnes de l\u00e9gumes qui ont \u00e9t\u00e9 partag\u00e9s pour le plaisir de tous. Cette action a \u00e9t\u00e9 r\u00e9compens\u00e9e par le prix <a href=\"https:\/\/dsne.org\/qui-sommes-nous\/prix-meleagrine\/\"><strong>M\u00e9l\u00e9agrine<\/strong><\/a> 2022,\u00a0d\u00e9cern\u00e9 par DSNE.<\/p>\n<p style=\"text-align: left;\">Le groupe des Cueilleurs de Vivres pratique l\u2019ancienne tradition des gl\u00e2nages chez des particuliers ou des professionnels. Apr\u00e8s la r\u00e9colte m\u00e9canique, de nombreux fruits et l\u00e9gumes restent en place, par manque de temps et main-d\u2019oeuvre, ceux-ci sont souvent redonn\u00e9s \u00e0 la terre. Nous les ramassons pour les distribuer dans les r\u00e9seaux d\u2019aide alimentaire autour de Champdeniers. En 2022, c\u2019est environ 2 tonnes de l\u00e9gumes qui ont \u00e9t\u00e9 partag\u00e9s pour le plaisir de tous. Cette action a \u00e9t\u00e9 r\u00e9compens\u00e9e par le prix <a href=\"https:\/\/dsne.org\/qui-sommes-nous\/prix-meleagrine\/\"><strong>M\u00e9l\u00e9agrine<\/strong><\/a> 2022,\u00a0d\u00e9cern\u00e9 par DSNE.<\/p>\n<img src=\"http:\/\/porteursdevivres79.com\/wp-content\/uploads\/2025\/03\/CUEILLEURS_VIVRES2.jpg\" width=\"800\" height=\"600\" title=\"Le projet\" alt=\"Le projet\">\n<img src=\"http:\/\/porteursdevivres79.com\/wp-content\/uploads\/2025\/02\/PDV_BANNER_EPICERIE_2-2.jpg\" width=\"2048\" height=\"922\" title=\"Le projet\" alt=\"Le projet\">\n<h2>Ao\u00fbt 2021<br\/>Ouverture d'une \u00e9picerie place du Champ-de-Foire<\/h2>\n<p style=\"text-align: left;\">Gr\u00e2ce au plan France-Relance, l'association s'installe et investit dans du mat\u00e9riel qui p\u00e9rennise son activit\u00e9.<\/p>\n<h2>Juin 2024<br\/>Des produits bio \u00e0 prix bas<\/h2>\n<h2>Juin 2024<br\/>Des produits bio \u00e0 prix bas<\/h2>\n<p style=\"text-align: right;\">Notre adh\u00e9sion \u00e0 l\u2019<strong>ANEB<\/strong> (Association Nationale des \u00c9piciers Bio) permet \u00e9galement de compl\u00e9ter son panier avec des produits bios \u00e0 prix bas et \u00e0 prix justes, sous la marque <a href=\"https:\/\/www.elibio.eu\/a-propos-de-elibio\/\">Elibio<\/a>, tels que des conserves, p\u00e2tes, caf\u00e9, sucre, etc...<\/p>\n<p style=\"text-align: left;\">Notre adh\u00e9sion \u00e0 l\u2019<strong>ANEB<\/strong> (Association Nationale des \u00c9piciers Bio) permet \u00e9galement de compl\u00e9ter son panier avec des produits bios \u00e0 prix bas et \u00e0 prix justes, sous la marque <a href=\"https:\/\/www.elibio.eu\/a-propos-de-elibio\/\">Elibio<\/a>, tels que des conserves, p\u00e2tes, caf\u00e9, sucre, etc...<\/p>\n<img src=\"http:\/\/porteursdevivres79.com\/wp-content\/uploads\/2026\/02\/2024_06_C-mon-Territoire.jpg\" width=\"800\" height=\"600\" title=\"Le projet\" alt=\"Le projet\">\n\u00a9 C Mon Territoire\n<h1>Et aujourd'hui<br\/><\/h1>\n<p style=\"text-align: center;\">Venez vous r\u00e9galer avec les <strong>produits BIO\u00a0de nos producteurs locaux<\/strong> : l\u00e9gumes et fruits de saison, pains, fromages et laitages de ch\u00e8vre, miel, volailles, viande de b\u0153uf, bi\u00e8res, savons... <strong>r\u00e9mun\u00e9rant au juste prix les producteurs<\/strong>. Gamme ELIBIO et autres produits de consommation courante.<\/p>\n<h1>Projet annexes<br\/><\/h1>\n<p style=\"text-align: center;\">L\u2019association s\u2019est donn\u00e9 pour mission la sauvegarde de notre \u00e9cosyst\u00e8me dans sa globalit\u00e9, sans lequel vivre sur notre canton n\u2019est qu\u2019un concept vide de sens. Cela comprend donc l\u2019environnement bien s\u00fbr, mais aussi l\u2019\u00e9conomie, le lien interg\u00e9n\u00e9rationnel, la solidarit\u00e9 par le partage (mat\u00e9riel, connaissances\u2026) bref ce qui s\u2019\u00e9change et se transmet.<\/p>\n<img src=\"http:\/\/porteursdevivres79.com\/wp-content\/uploads\/2025\/11\/PDV_MainsDansLaTerre.jpg\" width=\"1024\" height=\"1024\" title=\"Le projet\" alt=\"Le projet\">\n<h3>Les Mains dans la Terre<br\/>Potager collectif<\/h3>\n<p style=\"text-align: center;\">En 2021, le projet d\u2019un potager collectif pour cultiver l\u2019autonomie alimentaire et la transmission des savoirs a vu le jour \u00e0 travers le lancement d\u2019une autre association \"Les Mains dans la Terre.\"<\/p>\n<img src=\"http:\/\/porteursdevivres79.com\/wp-content\/uploads\/2025\/07\/JARDINIERS_DU_PARADIS_CHAMPDENIERS.jpg\" width=\"420\" height=\"2048\" title=\"Le projet\" alt=\"Le projet\">\n<h3>Les Jardiniers du Paradis<br\/>F\u00eate des Plantes<\/h3>\n<p style=\"text-align: center;\">En 2022, des membres de Porteurs de Vivres se sont investis pour permettre \u00e0\u00a0<a href=\"http:\/\/jardiniersduparadis.fr\/\"><strong>la\u00a0<\/strong><\/a><strong>f\u00eate des 20 ans des Jardiniers du Paradis<\/strong>\u00a0d\u2019avoir lieu dans les meilleurs conditions \u00e0 travers la cr\u00e9ation d\u2019une association d\u00e9di\u00e9e \u00e0 ce projet.<\/p>\n<img src=\"http:\/\/porteursdevivres79.com\/wp-content\/uploads\/2025\/11\/PDV_BENEVOLAT.jpg\" width=\"420\" height=\"1024\" title=\"Le projet\" alt=\"Le projet\">\n<h3>F\u00eate du Chanvre<br\/>\u00e0 Cherveux<\/h3>\n<p style=\"text-align: center;\">En 2023 et en 2024, Porteurs de Vivres s'est occup\u00e9 de la restauration lors de la <strong><a href=\"https:\/\/www.facebook.com\/p\/F%C3%AAte-du-Chanvre-Ch%C3%A2teau-de-Cherveux-100093609062933\/\">F\u00eate du Chanvre <\/a><\/strong>\u00e0 Cherveux.<\/p>","_links":{"self":[{"href":"https:\/\/www.porteursdevivres.fr\/index.php\/wp-json\/wp\/v2\/pages\/1827","targetHints":{"allow":["GET"]}}],"collection":[{"href":"https:\/\/www.porteursdevivres.fr\/index.php\/wp-json\/wp\/v2\/pages"}],"about":[{"href":"https:\/\/www.porteursdevivres.fr\/index.php\/wp-json\/wp\/v2\/types\/page"}],"author":[{"embeddable":true,"href":"https:\/\/www.porteursdevivres.fr\/index.php\/wp-json\/wp\/v2\/users\/4"}],"replies":[{"embeddable":true,"href":"https:\/\/www.porteursdevivres.fr\/index.php\/wp-json\/wp\/v2\/comments?post=1827"}],"version-history":[{"count":152,"href":"https:\/\/www.porteursdevivres.fr\/index.php\/wp-json\/wp\/v2\/pages\/1827\/revisions"}],"predecessor-version":[{"id":4879,"href":"https:\/\/www.porteursdevivres.fr\/index.php\/wp-json\/wp\/v2\/pages\/1827\/revisions\/4879"}],"wp:attachment":[{"href":"https:\/\/www.porteursdevivres.fr\/index.php\/wp-json\/wp\/v2\/media?parent=1827"}],"curies":[{"name":"wp","href":"https:\/\/api.w.org\/{rel}","templated":true}]}}