{"id":3599,"date":"2025-07-04T11:03:40","date_gmt":"2025-07-04T09:03:40","guid":{"rendered":"https:\/\/porteursdevivres79.com\/?page_id=3599"},"modified":"2026-03-23T13:40:00","modified_gmt":"2026-03-23T12:40:00","slug":"le-benevolat","status":"publish","type":"page","link":"https:\/\/www.porteursdevivres.fr\/index.php\/le-benevolat\/","title":{"rendered":"Le B\u00e9n\u00e9volat"},"content":{"rendered":"<!--themify_builder_content-->\n<div id=\"themify_builder_content-3599\" data-postid=\"3599\" class=\"themify_builder_content themify_builder_content-3599 themify_builder tf_clear\">\n                    <div  data-lazy=\"1\" class=\"module_row themify_builder_row tb_qg48912 tb_first tf_w\">\n                        <div class=\"row_inner col_align_top tb_col_count_1 tf_box tf_rel\">\n                        <div  data-lazy=\"1\" class=\"module_column tb-column col-full tb_qk8j913 first\">\n                    <!-- module fancy heading -->\n<div  class=\"module module-fancy-heading tb_x47p651  tb_hide_divider\" data-lazy=\"1\">\n        <h1 class=\"fancy-heading tf_textc\">\n    <span class=\"main-head tf_block\">\n                    le b\u00e9n\u00e9volat            <\/span>\n\n    \n    <span class=\"sub-head tf_block tf_rel\">\n                                <\/span>\n    <\/h1>\n<\/div>\n<!-- \/module fancy heading -->\n        <div  data-lazy=\"1\" class=\"module_subrow themify_builder_sub_row tf_w col_align_top tb_col_count_2 tb_l5df554\">\n                <div  data-lazy=\"1\" class=\"module_column sub_column col4-2 tb_yd1z554 first\">\n                    <!-- module image -->\n<div  class=\"module module-image tb_0vg1566 image-top   tf_mw\" data-lazy=\"1\">\n        <div class=\"image-wrap tf_rel tf_mw\">\n            <img loading=\"lazy\" decoding=\"async\" src=\"http:\/\/porteursdevivres79.com\/wp-content\/uploads\/2025\/07\/292491689_3286425014961313_2440556094029491685_n.jpg\" width=\"1537\" height=\"922\" title=\"Le B\u00e9n\u00e9volat\" alt=\"Le B\u00e9n\u00e9volat\">    \n        <\/div>\n    <!-- \/image-wrap -->\n    \n        <\/div>\n<!-- \/module image -->        <\/div>\n                    <div  data-lazy=\"1\" class=\"module_column sub_column col4-2 tb_6o8o554 last\">\n                    <!-- module text -->\n<div  class=\"module module-text tb_6xe924   \" data-lazy=\"1\">\n        <div  class=\"tb_text_wrap\">\n        <h2 style=\"text-align: center;\">Participer aux activit\u00e9s r\u00e9guli\u00e8res\u00a0<\/h2>\n<p style=\"text-align: center;\">Vous souhaitez donner un peu de votre temps, partager une activit\u00e9, \u00e9changer des points de vues\u2026 bref s\u2019enrichir de tout ce qui ne s\u2019ach\u00e8te pas ? <span style=\"font-size: 1em;\">Nous vous proposons de vous accueillir du mercredi au samedi pour participer \u00e0 la pr\u00e9paration des commandes, aux livraisons, au conditionnement, \u00e0 la tenue de la caisse et \u00e0 l\u2019accueil des adh\u00e9rents. Nul besoin de s\u2019engager sur la dur\u00e9e, vous pouvez vous inscrire sur un seul cr\u00e9neau suivant vos disponibilit\u00e9s.<\/span><\/p>    <\/div>\n<\/div>\n<!-- \/module text -->        <\/div>\n                    <\/div>\n                <\/div>\n                        <\/div>\n        <\/div>\n                        <div  data-lazy=\"1\" class=\"module_row themify_builder_row tb_bj53450 tf_w\">\n                        <div class=\"row_inner col_align_top tb_col_count_1 tf_box tf_rel\">\n                        <div  data-lazy=\"1\" class=\"module_column tb-column col-full tb_542k451 first\">\n                            <div  data-lazy=\"1\" class=\"module_subrow themify_builder_sub_row tf_w col_align_top tb_col_count_2 tb_d24o793\">\n                <div  data-lazy=\"1\" class=\"module_column sub_column col4-2 tb_ixw0793 first\">\n                    <!-- module text -->\n<div  class=\"module module-text tb_wbj1133   \" data-lazy=\"1\">\n        <div  class=\"tb_text_wrap\">\n        <h2 style=\"text-align: center;\">Comment s&rsquo;inscrire ?<\/h2>\n<div style=\"text-align: center;\">Si vous connaissez le fonctionnement et avez d\u00e9j\u00e0 \u00e9t\u00e9 b\u00e9n\u00e9vole, rien de plus simple. Il suffit de vous inscrire sur le ou les cr\u00e9neaux qui vous int\u00e9ressent.<\/div>    <\/div>\n<\/div>\n<!-- \/module text --><!-- module buttons -->\n<div  class=\"module module-buttons tb_2ooz793 buttons-horizontal transparent   circle\" data-lazy=\"1\">\n        <div class=\"module-buttons-item tf_in_flx\">\n                        <a href=\"https:\/\/docs.google.com\/spreadsheets\/d\/1K005M7-Jnh8UPmi49dVTuDiWy-qurngbeFhIesObUG4\/edit?gid=803279531#gid=803279531\" class=\"ui builder_button tf_in_flx transparent\" target=\"_blank\" rel=\"noopener\">\n                                                S'INSCRIRE AU PLANNING                                        <\/a>\n                <\/div>\n            <\/div>\n<!-- \/module buttons -->\n<!-- module text -->\n<div  class=\"module module-text tb_2rsw793   \" data-lazy=\"1\">\n        <div  class=\"tb_text_wrap\">\n        <p style=\"text-align: center;\">Si c&rsquo;est votre premi\u00e8re participation \u00e0 l&rsquo;aventure,\u00a0<span style=\"font-size: 1em;\">et que vous h\u00e9sitez \u00e0 vous inscrire directement sur le planning, venez \u00e9changer directement\u00a0<\/span><span style=\"font-size: 1em;\">\u00e0 l\u2019\u00e9picerie ou contactez-nous par mail ou t\u00e9l\u00e9phone (toutes les infos se trouvent en bas de la page)<\/span><\/p>    <\/div>\n<\/div>\n<!-- \/module text -->        <\/div>\n                    <div  data-lazy=\"1\" class=\"module_column sub_column col4-2 tb_zh2h793 last\">\n                    <!-- module text -->\n<div  class=\"module module-text tb_k1gv793   \" data-lazy=\"1\">\n        <div  class=\"tb_text_wrap\">\n        <p style=\"text-align: center;\">Malgr\u00e9 l\u2019investissement de tous les b\u00e9n\u00e9voles, parfois personne ne s\u2019est inscrit \u00e0 temps dans le planning\u2026 si vous pensez \u00e0 l\u2019occasion pouvoir r\u00e9pondre pr\u00e9sent en derni\u00e8re minute (mail re\u00e7u la veille ou l\u2019avant-veille), inscrivez-vous sur cette liste de diffusion<\/p>    <\/div>\n<\/div>\n<!-- \/module text --><!-- module image -->\n<div  class=\"module module-image tb_et5s793 image-center   tf_mw\" data-lazy=\"1\">\n        <div class=\"image-wrap tf_rel tf_mw\">\n            <img loading=\"lazy\" decoding=\"async\" src=\"http:\/\/porteursdevivres79.com\/wp-content\/uploads\/2025\/07\/HANDS_BENEVOLAT.png\" width=\"250\" height=\"922\" title=\"Le B\u00e9n\u00e9volat\" alt=\"Le B\u00e9n\u00e9volat\">    \n        <\/div>\n    <!-- \/image-wrap -->\n    \n        <\/div>\n<!-- \/module image --><!-- module buttons -->\n<div  class=\"module module-buttons tb_ql32793 buttons-horizontal transparent   circle\" data-lazy=\"1\">\n        <div class=\"module-buttons-item tf_in_flx\">\n                        <a href=\"https:\/\/groups.google.com\/g\/benevoles-epicerie-pdv\" class=\"ui builder_button tf_in_flx transparent\" target=\"_blank\" rel=\"noopener\">\n                                                S'INSCRIRE SUR LA LISTE                                        <\/a>\n                <\/div>\n            <\/div>\n<!-- \/module buttons -->\n        <\/div>\n                    <\/div>\n                <\/div>\n                        <\/div>\n        <\/div>\n                        <div  data-lazy=\"1\" class=\"module_row themify_builder_row tb_hyh2205 tf_w\">\n                        <div class=\"row_inner col_align_top tb_col_count_1 tf_box tf_rel\">\n                        <div  data-lazy=\"1\" class=\"module_column tb-column col-full tb_xjri205 first\">\n                            <div  data-lazy=\"1\" class=\"module_subrow themify_builder_sub_row tf_w col_align_top tb_col_count_2 tb_vblt193\">\n                <div  data-lazy=\"1\" class=\"module_column sub_column col4-2 tb_qhn5193 first\">\n                    <!-- module text -->\n<div  class=\"module module-text tb_7mcj193   \" data-lazy=\"1\">\n        <div  class=\"tb_text_wrap\">\n        <h2 class=\"wp-block-heading has-luminous-vivid-orange-color has-text-color\" style=\"text-align: center;\"><span style=\"color: #744043;\">Mettre \u00e0 disposition un talent particulier<\/span>\u00a0<\/h2>\n<p style=\"text-align: center;\">Vous souhaiteriez participer mais malheureusement votre emploi du temps ne vous permet pas d\u2019\u00eatre pr\u00e9sent.e sur les heures d\u2019ouvertures du local. Savez-vous que 50% de l\u2019engagement b\u00e9n\u00e9vole est effectu\u00e9 en dehors des horaires d\u2019ouverture?<\/p>\n<p style=\"text-align: center;\">Par exemple : la saisie des commandes, la comptabilit\u00e9, le montage des dossiers de subventions, les commandes fournisseurs et enl\u00e8vements, le m\u00e9nage du local, \u2026 et tout ce qui ne se voit pas.<\/p>\n<p style=\"text-align: center;\">Toutes les contributions sont les bienvenues.\u00a0<\/p>    <\/div>\n<\/div>\n<!-- \/module text -->        <\/div>\n                    <div  data-lazy=\"1\" class=\"module_column sub_column col4-2 tb_b6tq193 last\">\n                    <!-- module text -->\n<div  class=\"module module-text tb_ofok693   \" data-lazy=\"1\">\n        <div  class=\"tb_text_wrap\">\n        <p>\u2714\u00a0 Maintenance et mise \u00e0 jour du site web<br>\u2714\u00a0 Animation de la page Facebook<br>\u2714\u00a0 R\u00e9daction d\u2019articles<br>\u2714\u00a0 Assurance qualit\u00e9 et veille sanitaire<br>\u2714\u00a0 Recherche de producteurs partenaires<br>\u2714\u00a0 Veille institutionnelle et recherche de financements\u00a0<br>\u2714\u00a0 Communication avec les adh\u00e9rents et futurs adh\u00e9rents<br>\u2714\u00a0 Animation du b\u00e9n\u00e9volat<br><span id=\"docs-internal-guid-d603a04e-7fff-86b8-2516-119f8221ab2b\">\u2714\u00a0 Organisation de glanage<\/span><\/p>\n<p>et tout ce que nous n\u2019avons pas encore envisag\u00e9\u2026<\/p>    <\/div>\n<\/div>\n<!-- \/module text -->        <\/div>\n                    <\/div>\n                <\/div>\n                        <\/div>\n        <\/div>\n                        <div  data-lazy=\"1\" class=\"module_row themify_builder_row tb_f3ru129 tf_w\">\n                        <div class=\"row_inner col_align_top tb_col_count_1 tf_box tf_rel\">\n                        <div  data-lazy=\"1\" class=\"module_column tb-column col-full tb_ck0t129 first\">\n                            <div  data-lazy=\"1\" class=\"module_subrow themify_builder_sub_row tf_w col_align_top tb_col_count_2 tb_wgnc129\">\n                <div  data-lazy=\"1\" class=\"module_column sub_column col4-2 tb_2jll129 first\">\n                    <!-- module text -->\n<div  class=\"module module-text tb_lkok129   \" data-lazy=\"1\">\n        <div  class=\"tb_text_wrap\">\n        <h2 style=\"text-align: center;\"><span style=\"color: #744043;\">Pour proposer un talent ou une id\u00e9e<\/span>\u00a0<\/h2>\n<h3 style=\"text-align: center;\"><span style=\"font-size: 18px; letter-spacing: -0.03em;\">venez \u00e0 notre rencontre \u00e0 l\u2019\u00e9picerie<\/span><\/h3>    <\/div>\n<\/div>\n<!-- \/module text -->        <div  data-lazy=\"1\" class=\"module_subrow themify_builder_sub_row tf_w col_align_top tb_col_count_1 tb_i9qh129\">\n                <div  data-lazy=\"1\" class=\"module_column sub_column col-full tb_fwus129 first\">\n                    <!-- module text -->\n<div  class=\"module module-text tb_uvug698   \" data-lazy=\"1\">\n        <div  class=\"tb_text_wrap\">\n        <p style=\"text-align: center;\">Si vous avez un projet que vous souhaitez valoriser, vous pouvez le proposer \u00e0 l\u2019association. Ce projet sera \u00e9tudi\u00e9 et d\u00e9battu avec vous en conseil d\u2019administration.<\/p>    <\/div>\n<\/div>\n<!-- \/module text -->        <\/div>\n                    <\/div>\n                <\/div>\n                    <div  data-lazy=\"1\" class=\"module_column sub_column col4-2 tb_yno7129 last\">\n                    <!-- module image -->\n<div  class=\"module module-image tb_081d129 image-center   tf_mw\" data-lazy=\"1\">\n        <div class=\"image-wrap tf_rel tf_mw\">\n            <img loading=\"lazy\" decoding=\"async\" src=\"http:\/\/porteursdevivres79.com\/wp-content\/uploads\/2025\/02\/PDV_BOUTIQUE.png\" width=\"400\" height=\"800\" title=\"Le B\u00e9n\u00e9volat\" alt=\"Le B\u00e9n\u00e9volat\">    \n        <\/div>\n    <!-- \/image-wrap -->\n    \n        <\/div>\n<!-- \/module image -->        <\/div>\n                    <\/div>\n                <\/div>\n                        <\/div>\n        <\/div>\n        <\/div>\n<!--\/themify_builder_content-->","protected":false},"excerpt":{"rendered":"<p>Participer aux activit\u00e9s r\u00e9guli\u00e8res\u00a0 Vous souhaitez donner un peu de votre temps, partager une activit\u00e9, \u00e9changer des points de vues\u2026 bref s\u2019enrichir de tout ce qui ne s\u2019ach\u00e8te pas ? Nous vous proposons de vous accueillir du mercredi au samedi pour participer \u00e0 la pr\u00e9paration des commandes, aux livraisons, au conditionnement, \u00e0 la tenue de [&hellip;]<\/p>\n","protected":false},"author":4,"featured_media":0,"parent":0,"menu_order":0,"comment_status":"closed","ping_status":"closed","template":"","meta":{"footnotes":""},"class_list":["post-3599","page","type-page","status-publish","hentry","has-post-title","has-post-date","has-post-category","has-post-tag","has-post-comment","has-post-author",""],"builder_content":"<h1>le b\u00e9n\u00e9volat<br\/><\/h1>\n<img src=\"http:\/\/porteursdevivres79.com\/wp-content\/uploads\/2025\/07\/292491689_3286425014961313_2440556094029491685_n.jpg\" width=\"1537\" height=\"922\" title=\"Le B\u00e9n\u00e9volat\" alt=\"Le B\u00e9n\u00e9volat\">\n<h2 style=\"text-align: center;\">Participer aux activit\u00e9s r\u00e9guli\u00e8res\u00a0<\/h2> <p style=\"text-align: center;\">Vous souhaitez donner un peu de votre temps, partager une activit\u00e9, \u00e9changer des points de vues\u2026 bref s\u2019enrichir de tout ce qui ne s\u2019ach\u00e8te pas ? Nous vous proposons de vous accueillir du mercredi au samedi pour participer \u00e0 la pr\u00e9paration des commandes, aux livraisons, au conditionnement, \u00e0 la tenue de la caisse et \u00e0 l\u2019accueil des adh\u00e9rents. Nul besoin de s\u2019engager sur la dur\u00e9e, vous pouvez vous inscrire sur un seul cr\u00e9neau suivant vos disponibilit\u00e9s.<\/p>\n<h2 style=\"text-align: center;\">Comment s'inscrire ?<\/h2> Si vous connaissez le fonctionnement et avez d\u00e9j\u00e0 \u00e9t\u00e9 b\u00e9n\u00e9vole, rien de plus simple. Il suffit de vous inscrire sur le ou les cr\u00e9neaux qui vous int\u00e9ressent.\n<a href=\"https:\/\/docs.google.com\/spreadsheets\/d\/1K005M7-Jnh8UPmi49dVTuDiWy-qurngbeFhIesObUG4\/edit?gid=803279531#gid=803279531\" target=\"_blank\" rel=\"noopener\"> S'INSCRIRE AU PLANNING <\/a>\n<p style=\"text-align: center;\">Si c'est votre premi\u00e8re participation \u00e0 l'aventure,\u00a0et que vous h\u00e9sitez \u00e0 vous inscrire directement sur le planning, venez \u00e9changer directement\u00a0\u00e0 l\u2019\u00e9picerie ou contactez-nous par mail ou t\u00e9l\u00e9phone (toutes les infos se trouvent en bas de la page)<\/p>\n<p style=\"text-align: center;\">Malgr\u00e9 l\u2019investissement de tous les b\u00e9n\u00e9voles, parfois personne ne s\u2019est inscrit \u00e0 temps dans le planning\u2026 si vous pensez \u00e0 l\u2019occasion pouvoir r\u00e9pondre pr\u00e9sent en derni\u00e8re minute (mail re\u00e7u la veille ou l\u2019avant-veille), inscrivez-vous sur cette liste de diffusion<\/p>\n<img src=\"http:\/\/porteursdevivres79.com\/wp-content\/uploads\/2025\/07\/HANDS_BENEVOLAT.png\" width=\"250\" height=\"922\" title=\"Le B\u00e9n\u00e9volat\" alt=\"Le B\u00e9n\u00e9volat\">\n<a href=\"https:\/\/groups.google.com\/g\/benevoles-epicerie-pdv\" target=\"_blank\" rel=\"noopener\"> S'INSCRIRE SUR LA LISTE <\/a>\n<h2 style=\"text-align: center;\">Mettre \u00e0 disposition un talent particulier\u00a0<\/h2> <p style=\"text-align: center;\">Vous souhaiteriez participer mais malheureusement votre emploi du temps ne vous permet pas d\u2019\u00eatre pr\u00e9sent.e sur les heures d\u2019ouvertures du local. Savez-vous que 50% de l\u2019engagement b\u00e9n\u00e9vole est effectu\u00e9 en dehors des horaires d\u2019ouverture?<\/p> <p style=\"text-align: center;\">Par exemple : la saisie des commandes, la comptabilit\u00e9, le montage des dossiers de subventions, les commandes fournisseurs et enl\u00e8vements, le m\u00e9nage du local, \u2026 et tout ce qui ne se voit pas.<\/p> <p style=\"text-align: center;\">Toutes les contributions sont les bienvenues.\u00a0<\/p>\n<p>\u2714\u00a0 Maintenance et mise \u00e0 jour du site web<br>\u2714\u00a0 Animation de la page Facebook<br>\u2714\u00a0 R\u00e9daction d\u2019articles<br>\u2714\u00a0 Assurance qualit\u00e9 et veille sanitaire<br>\u2714\u00a0 Recherche de producteurs partenaires<br>\u2714\u00a0 Veille institutionnelle et recherche de financements\u00a0<br>\u2714\u00a0 Communication avec les adh\u00e9rents et futurs adh\u00e9rents<br>\u2714\u00a0 Animation du b\u00e9n\u00e9volat<br>\u2714\u00a0 Organisation de glanage<\/p> <p>et tout ce que nous n\u2019avons pas encore envisag\u00e9\u2026<\/p>\n<h2 style=\"text-align: center;\">Pour proposer un talent ou une id\u00e9e\u00a0<\/h2> <h3 style=\"text-align: center;\">venez \u00e0 notre rencontre \u00e0 l\u2019\u00e9picerie<\/h3>\n<p style=\"text-align: center;\">Si vous avez un projet que vous souhaitez valoriser, vous pouvez le proposer \u00e0 l\u2019association. Ce projet sera \u00e9tudi\u00e9 et d\u00e9battu avec vous en conseil d\u2019administration.<\/p>\n<img src=\"http:\/\/porteursdevivres79.com\/wp-content\/uploads\/2025\/02\/PDV_BOUTIQUE.png\" width=\"400\" height=\"800\" title=\"Le B\u00e9n\u00e9volat\" alt=\"Le B\u00e9n\u00e9volat\">","_links":{"self":[{"href":"https:\/\/www.porteursdevivres.fr\/index.php\/wp-json\/wp\/v2\/pages\/3599","targetHints":{"allow":["GET"]}}],"collection":[{"href":"https:\/\/www.porteursdevivres.fr\/index.php\/wp-json\/wp\/v2\/pages"}],"about":[{"href":"https:\/\/www.porteursdevivres.fr\/index.php\/wp-json\/wp\/v2\/types\/page"}],"author":[{"embeddable":true,"href":"https:\/\/www.porteursdevivres.fr\/index.php\/wp-json\/wp\/v2\/users\/4"}],"replies":[{"embeddable":true,"href":"https:\/\/www.porteursdevivres.fr\/index.php\/wp-json\/wp\/v2\/comments?post=3599"}],"version-history":[{"count":140,"href":"https:\/\/www.porteursdevivres.fr\/index.php\/wp-json\/wp\/v2\/pages\/3599\/revisions"}],"predecessor-version":[{"id":4881,"href":"https:\/\/www.porteursdevivres.fr\/index.php\/wp-json\/wp\/v2\/pages\/3599\/revisions\/4881"}],"wp:attachment":[{"href":"https:\/\/www.porteursdevivres.fr\/index.php\/wp-json\/wp\/v2\/media?parent=3599"}],"curies":[{"name":"wp","href":"https:\/\/api.w.org\/{rel}","templated":true}]}}