{"id":360,"date":"2025-02-17T12:33:39","date_gmt":"2025-02-17T11:33:39","guid":{"rendered":"https:\/\/porteursdevivres79.com\/?page_id=360"},"modified":"2026-03-04T10:17:48","modified_gmt":"2026-03-04T09:17:48","slug":"les-producteurs","status":"publish","type":"page","link":"https:\/\/www.porteursdevivres.fr\/index.php\/les-producteurs\/","title":{"rendered":"Les producteurs"},"content":{"rendered":"<!--themify_builder_content-->\n<div id=\"themify_builder_content-360\" data-postid=\"360\" class=\"themify_builder_content themify_builder_content-360 themify_builder tf_clear\">\n                    <div  data-lazy=\"1\" class=\"module_row themify_builder_row tb_981n311 tb_first tf_w\">\n                        <div class=\"row_inner col_align_top tb_col_count_1 tf_box tf_rel\">\n                        <div  data-lazy=\"1\" class=\"module_column tb-column col-full tb_xqu0311 first\">\n                    <!-- module fancy heading -->\n<div  class=\"module module-fancy-heading tb_7w1c442  tb_hide_divider\" data-lazy=\"1\">\n        <h1 class=\"fancy-heading tf_textc\">\n    <span class=\"main-head tf_block\">\n                    LES PRODUCTEURS            <\/span>\n\n    \n    <span class=\"sub-head tf_block tf_rel\">\n                                <\/span>\n    <\/h1>\n<\/div>\n<!-- \/module fancy heading -->\n        <div  data-lazy=\"1\" class=\"module_subrow themify_builder_sub_row tf_w col_align_top tb_col_count_4 tb_mr78759\">\n                <div  data-lazy=\"1\" class=\"module_column sub_column col4-1 tb_chxt759 first\">\n                    <!-- module image -->\n<div  class=\"module module-image tb_cpro759 image-center circle  tf_mw\" data-lazy=\"1\">\n        <div class=\"image-wrap tf_rel tf_mw\">\n            <img loading=\"lazy\" decoding=\"async\" src=\"http:\/\/porteursdevivres79.com\/wp-content\/uploads\/2025\/02\/PDV_FERME_DEUX_RIVIERES2-1.jpg\" width=\"330\" height=\"524\" title=\"Les producteurs\" alt=\"Les producteurs\">    \n        <\/div>\n    <!-- \/image-wrap -->\n    \n        <\/div>\n<!-- \/module image --><!-- module fancy heading -->\n<div  class=\"module module-fancy-heading tb_o0d6948  tb_hide_divider\" data-lazy=\"1\">\n        <h2 class=\"fancy-heading tf_textc\">\n    <span class=\"main-head tf_block\">\n                    La Ferme des Deux rivi\u00e8res            <\/span>\n\n    \n    <span class=\"sub-head tf_block tf_rel\">\n                    Fenioux - mara\u00eecher bio            <\/span>\n    <\/h2>\n<\/div>\n<!-- \/module fancy heading -->\n        <\/div>\n                    <div  data-lazy=\"1\" class=\"module_column sub_column col4-1 tb_xzsk759\">\n                    <!-- module image -->\n<div  class=\"module module-image tb_38li759 image-center circle  tf_mw\" data-lazy=\"1\">\n        <div class=\"image-wrap tf_rel tf_mw\">\n            <img loading=\"lazy\" decoding=\"async\" src=\"http:\/\/porteursdevivres79.com\/wp-content\/uploads\/2025\/02\/VERGER_PIROUETTE.jpg\" width=\"330\" height=\"1443\" title=\"Les producteurs\" alt=\"Les producteurs\">    \n        <\/div>\n    <!-- \/image-wrap -->\n    \n        <\/div>\n<!-- \/module image --><!-- module fancy heading -->\n<div  class=\"module module-fancy-heading tb_mywg659  tb_hide_divider\" data-lazy=\"1\">\n        <h2 class=\"fancy-heading tf_textc\">\n    <span class=\"main-head tf_block\">\n                    LE VERGER DE PIROUETTE            <\/span>\n\n    \n    <span class=\"sub-head tf_block tf_rel\">\n                    Saint Pardoux - Arboriculteur fruitier BIO            <\/span>\n    <\/h2>\n<\/div>\n<!-- \/module fancy heading -->\n        <\/div>\n                    <div  data-lazy=\"1\" class=\"module_column sub_column col4-1 tb_ctch759\">\n                    <!-- module image -->\n<div  class=\"module module-image tb_8jdn536 image-center circle  tf_mw\" data-lazy=\"1\">\n        <div class=\"image-wrap tf_rel tf_mw\">\n            <img loading=\"lazy\" decoding=\"async\" src=\"http:\/\/porteursdevivres79.com\/wp-content\/uploads\/2025\/02\/PDV_TROGNE_CHEVRE_AUDREY_portrait-1.jpg\" width=\"330\" height=\"1024\" title=\"Les producteurs\" alt=\"Les producteurs\">    \n        <\/div>\n    <!-- \/image-wrap -->\n    \n        <\/div>\n<!-- \/module image --><!-- module fancy heading -->\n<div  class=\"module module-fancy-heading tb_nh6i182  tb_hide_divider\" data-lazy=\"1\">\n        <h2 class=\"fancy-heading tf_textc\">\n    <span class=\"main-head tf_block\">\n                    Trogne de Ch\u00e8vre            <\/span>\n\n    \n    <span class=\"sub-head tf_block tf_rel\">\n                    Soudan - Fromages de ch\u00e8vre BIO            <\/span>\n    <\/h2>\n<\/div>\n<!-- \/module fancy heading -->\n        <\/div>\n                    <div  data-lazy=\"1\" class=\"module_column sub_column col4-1 tb_7seb759 last\">\n                    <!-- module image -->\n<div  class=\"module module-image tb_xvgi635 image-center circle  tf_mw\" data-lazy=\"1\">\n        <div class=\"image-wrap tf_rel tf_mw\">\n            <img loading=\"lazy\" decoding=\"async\" src=\"http:\/\/porteursdevivres79.com\/wp-content\/uploads\/2025\/02\/PDV_HELENE_BAILLY_portrait.jpg\" width=\"330\" height=\"1024\" title=\"Les producteurs\" alt=\"Les producteurs\">    \n        <\/div>\n    <!-- \/image-wrap -->\n    \n        <\/div>\n<!-- \/module image --><!-- module fancy heading -->\n<div  class=\"module module-fancy-heading tb_ztbg761  tb_hide_divider\" data-lazy=\"1\">\n        <h2 class=\"fancy-heading tf_textc\">\n    <span class=\"main-head tf_block\">\n                    LA FERME DE L'OUCHERIE            <\/span>\n\n    \n    <span class=\"sub-head tf_block tf_rel\">\n                    Mazi\u00e8res En G\u00e2tine - Poulets, Chapons, Pintades BIO            <\/span>\n    <\/h2>\n<\/div>\n<!-- \/module fancy heading -->\n        <\/div>\n                    <\/div>\n                <div  data-lazy=\"1\" class=\"module_subrow themify_builder_sub_row tf_w col_align_top tb_col_count_4 tb_id9d285\">\n                <div  data-lazy=\"1\" class=\"module_column sub_column col4-1 tb_lqdo635 first\">\n                    <!-- module image -->\n<div  class=\"module module-image tb_ih5827 image-center circle  tf_mw\" data-lazy=\"1\">\n        <div class=\"image-wrap tf_rel tf_mw\">\n            <img loading=\"lazy\" decoding=\"async\" src=\"http:\/\/porteursdevivres79.com\/wp-content\/uploads\/2025\/02\/TROUPEAU_ROUGE_SEBASTIEN_QUINAULT.jpg\" width=\"330\" height=\"1365\" title=\"Les producteurs\" alt=\"Les producteurs\">    \n        <\/div>\n    <!-- \/image-wrap -->\n    \n        <\/div>\n<!-- \/module image --><!-- module fancy heading -->\n<div  class=\"module module-fancy-heading tb_6eo5998  tb_hide_divider\" data-lazy=\"1\">\n        <h2 class=\"fancy-heading tf_textc\">\n    <span class=\"main-head tf_block\">\n                    EARL DU TROUPEAU ROUGE            <\/span>\n\n    \n    <span class=\"sub-head tf_block tf_rel\">\n                    Gourg\u00e9 \u2013 Viande bovine \u2013 Salers BIO            <\/span>\n    <\/h2>\n<\/div>\n<!-- \/module fancy heading -->\n        <\/div>\n                    <div  data-lazy=\"1\" class=\"module_column sub_column col4-1 tb_qzd127\">\n                    <!-- module image -->\n<div  class=\"module module-image tb_n73n975 image-center circle  tf_mw\" data-lazy=\"1\">\n        <div class=\"image-wrap tf_rel tf_mw\">\n            <img loading=\"lazy\" decoding=\"async\" src=\"http:\/\/porteursdevivres79.com\/wp-content\/uploads\/2025\/02\/Julie-et-Gregory-Fazilleau-1.jpg\" width=\"330\" height=\"354\" title=\"Les producteurs\" alt=\"Les producteurs\">    \n        <\/div>\n    <!-- \/image-wrap -->\n    \n        <\/div>\n<!-- \/module image --><!-- module fancy heading -->\n<div  class=\"module module-fancy-heading tb_kcin975  tb_hide_divider\" data-lazy=\"1\">\n        <h2 class=\"fancy-heading tf_textc\">\n    <span class=\"main-head tf_block\">\n                    OEUFS FAZILLEAU            <\/span>\n\n    \n    <span class=\"sub-head tf_block tf_rel\">\n                    Saint-Marc-La-Lande \u2013 Oeufs            <\/span>\n    <\/h2>\n<\/div>\n<!-- \/module fancy heading -->\n        <\/div>\n                    <div  data-lazy=\"1\" class=\"module_column sub_column col4-1 tb_8jen265\">\n                    <!-- module image -->\n<div  class=\"module module-image tb_okh1702 image-center circle  tf_mw\" data-lazy=\"1\">\n        <div class=\"image-wrap tf_rel tf_mw\">\n            <img loading=\"lazy\" decoding=\"async\" src=\"http:\/\/porteursdevivres79.com\/wp-content\/uploads\/2025\/02\/PDV_ROSE_ELISE_portrait-1.jpg\" width=\"330\" height=\"1024\" title=\"Les producteurs\" alt=\"Les producteurs\">    \n        <\/div>\n    <!-- \/image-wrap -->\n    \n        <\/div>\n<!-- \/module image --><!-- module fancy heading -->\n<div  class=\"module module-fancy-heading tb_zi5j437  tb_hide_divider\" data-lazy=\"1\">\n        <h2 class=\"fancy-heading tf_textc\">\n    <span class=\"main-head tf_block\">\n                    LA BOULANGE DE ROSE-\u00c9LISE            <\/span>\n\n    \n    <span class=\"sub-head tf_block tf_rel\">\n                    Sainte-Ouenne \u2013 Boulangerie BIO            <\/span>\n    <\/h2>\n<\/div>\n<!-- \/module fancy heading -->\n        <\/div>\n                    <div  data-lazy=\"1\" class=\"module_column sub_column col4-1 tb_oefh702 last\">\n                    <!-- module image -->\n<div  class=\"module module-image tb_trfg168 image-center circle  tf_mw\" data-lazy=\"1\">\n        <div class=\"image-wrap tf_rel tf_mw\">\n            <img loading=\"lazy\" decoding=\"async\" src=\"http:\/\/porteursdevivres79.com\/wp-content\/uploads\/2025\/02\/PDV_PAINSON_portrait-1.jpg\" width=\"330\" height=\"1024\" title=\"Les producteurs\" alt=\"Les producteurs\">    \n        <\/div>\n    <!-- \/image-wrap -->\n    \n        <\/div>\n<!-- \/module image --><!-- module fancy heading -->\n<div  class=\"module module-fancy-heading tb_vlf728  tb_hide_divider\" data-lazy=\"1\">\n        <h2 class=\"fancy-heading tf_textc\">\n    <span class=\"main-head tf_block\">\n                    LE PAIN\u2019SON            <\/span>\n\n    \n    <span class=\"sub-head tf_block tf_rel\">\n                    Pougne-H\u00e9risson \u2013 Boulangerie BIO            <\/span>\n    <\/h2>\n<\/div>\n<!-- \/module fancy heading -->\n        <\/div>\n                    <\/div>\n                <div  data-lazy=\"1\" class=\"module_subrow themify_builder_sub_row tf_w col_align_top tb_col_count_4 tb_vxjt254\">\n                <div  data-lazy=\"1\" class=\"module_column sub_column col4-1 tb_yqk2168 first\">\n                    <!-- module image -->\n<div  class=\"module module-image tb_or64265 image-center circle  tf_mw\" data-lazy=\"1\">\n        <div class=\"image-wrap tf_rel tf_mw\">\n            <img loading=\"lazy\" decoding=\"async\" src=\"http:\/\/porteursdevivres79.com\/wp-content\/uploads\/2025\/02\/PDV_MATHIEU_CHUPEAU-1.jpg\" width=\"330\" height=\"1024\" title=\"Les producteurs\" alt=\"Les producteurs\">    \n        <\/div>\n    <!-- \/image-wrap -->\n    \n        <\/div>\n<!-- \/module image --><!-- module fancy heading -->\n<div  class=\"module module-fancy-heading tb_gxi7252  tb_hide_divider\" data-lazy=\"1\">\n        <h2 class=\"fancy-heading tf_textc\">\n    <span class=\"main-head tf_block\">\n                    LA FERMETTE AUX AVETTES            <\/span>\n\n    \n    <span class=\"sub-head tf_block tf_rel\">\n                    Aug\u00e9 \u2013 Miels BIO            <\/span>\n    <\/h2>\n<\/div>\n<!-- \/module fancy heading -->\n        <\/div>\n                    <div  data-lazy=\"1\" class=\"module_column sub_column col4-1 tb_18xq105\">\n                    <!-- module image -->\n<div  class=\"module module-image tb_uy32132 image-center circle  tf_mw\" data-lazy=\"1\">\n        <div class=\"image-wrap tf_rel tf_mw\">\n            <img loading=\"lazy\" decoding=\"async\" src=\"http:\/\/porteursdevivres79.com\/wp-content\/uploads\/2025\/10\/CANARD_FRANCOIS_2.jpg\" width=\"330\" height=\"1024\" title=\"Les producteurs\" alt=\"Les producteurs\">    \n        <\/div>\n    <!-- \/image-wrap -->\n    \n        <\/div>\n<!-- \/module image --><!-- module fancy heading -->\n<div  class=\"module module-fancy-heading tb_ddka397  tb_hide_divider\" data-lazy=\"1\">\n        <h2 class=\"fancy-heading tf_textc\">\n    <span class=\"main-head tf_block\">\n                    Les Canards de Fran\u00e7ois            <\/span>\n\n    \n    <span class=\"sub-head tf_block tf_rel\">\n                    Saint Gelais \u2013 Conserves de canard            <\/span>\n    <\/h2>\n<\/div>\n<!-- \/module fancy heading -->\n        <\/div>\n                    <div  data-lazy=\"1\" class=\"module_column sub_column col4-1 tb_o5qb239\">\n                    <!-- module image -->\n<div  class=\"module module-image tb_etpe493 image-center circle  tf_mw\" data-lazy=\"1\">\n        <div class=\"image-wrap tf_rel tf_mw\">\n            <img loading=\"lazy\" decoding=\"async\" src=\"http:\/\/porteursdevivres79.com\/wp-content\/uploads\/2025\/10\/BIODIS.jpg\" width=\"330\" height=\"1024\" title=\"Les producteurs\" alt=\"Les producteurs\">    \n        <\/div>\n    <!-- \/image-wrap -->\n    \n        <\/div>\n<!-- \/module image --><!-- module fancy heading -->\n<div  class=\"module module-fancy-heading tb_ngye908  tb_hide_divider\" data-lazy=\"1\">\n        <h2 class=\"fancy-heading tf_textc\">\n    <span class=\"main-head tf_block\">\n                    BIODIS            <\/span>\n\n    \n    <span class=\"sub-head tf_block tf_rel\">\n                    Chatillon sur Seiche \u2013 \u00c9libio et autres \u00e9picerie s\u00e8che            <\/span>\n    <\/h2>\n<\/div>\n<!-- \/module fancy heading -->\n        <\/div>\n                    <div  data-lazy=\"1\" class=\"module_column sub_column col4-1 tb_lfxi478 last\">\n                    <!-- module image -->\n<div  class=\"module module-image tb_86gb354 image-center circle  tf_mw\" data-lazy=\"1\">\n        <div class=\"image-wrap tf_rel tf_mw\">\n            <img loading=\"lazy\" decoding=\"async\" src=\"http:\/\/porteursdevivres79.com\/wp-content\/uploads\/2025\/10\/Belousie.jpg\" width=\"330\" height=\"1024\" title=\"Les producteurs\" alt=\"Les producteurs\">    \n        <\/div>\n    <!-- \/image-wrap -->\n    \n        <\/div>\n<!-- \/module image --><!-- module fancy heading -->\n<div  class=\"module module-fancy-heading tb_w7f3417  tb_hide_divider\" data-lazy=\"1\">\n        <h2 class=\"fancy-heading tf_textc\">\n    <span class=\"main-head tf_block\">\n                    Brasserie de Belousie            <\/span>\n\n    \n    <span class=\"sub-head tf_block tf_rel\">\n                    Surin \u2013 Bi\u00e8re            <\/span>\n    <\/h2>\n<\/div>\n<!-- \/module fancy heading -->\n        <\/div>\n                    <\/div>\n                <div  data-lazy=\"1\" class=\"module_subrow themify_builder_sub_row tf_w col_align_top tb_col_count_4 tb_x4qb725\">\n                <div  data-lazy=\"1\" class=\"module_column sub_column col4-1 tb_yngq591 first\">\n                    <!-- module image -->\n<div  class=\"module module-image tb_nfcg21 image-center circle  tf_mw\" data-lazy=\"1\">\n        <div class=\"image-wrap tf_rel tf_mw\">\n            <img loading=\"lazy\" decoding=\"async\" src=\"http:\/\/porteursdevivres79.com\/wp-content\/uploads\/2025\/10\/JUTTEAU_FELIX-1.jpg\" width=\"330\" height=\"1024\" title=\"Les producteurs\" alt=\"Les producteurs\">    \n        <\/div>\n    <!-- \/image-wrap -->\n    \n        <\/div>\n<!-- \/module image --><!-- module fancy heading -->\n<div  class=\"module module-fancy-heading tb_1b2b687  tb_hide_divider\" data-lazy=\"1\">\n        <h2 class=\"fancy-heading tf_textc\">\n    <span class=\"main-head tf_block\">\n                    Ferme de la Trouv\u00e8re            <\/span>\n\n    \n    <span class=\"sub-head tf_block tf_rel\">\n                    Verruyes \u2013 Vinaigre de cidre            <\/span>\n    <\/h2>\n<\/div>\n<!-- \/module fancy heading -->\n        <\/div>\n                    <div  data-lazy=\"1\" class=\"module_column sub_column col4-1 tb_9dyf409\">\n                    <!-- module image -->\n<div  class=\"module module-image tb_u9rs409 image-center circle  tf_mw\" data-lazy=\"1\">\n        <div class=\"image-wrap tf_rel tf_mw\">\n            <img loading=\"lazy\" decoding=\"async\" src=\"http:\/\/porteursdevivres79.com\/wp-content\/uploads\/2025\/02\/JARDIN_DES_SIMPLES-1.jpg\" width=\"330\" height=\"620\" title=\"Les producteurs\" alt=\"Les producteurs\">    \n        <\/div>\n    <!-- \/image-wrap -->\n    \n        <\/div>\n<!-- \/module image --><!-- module fancy heading -->\n<div  class=\"module module-fancy-heading tb_1nv3866  tb_hide_divider\" data-lazy=\"1\">\n        <h2 class=\"fancy-heading tf_textc\">\n    <span class=\"main-head tf_block\">\n                    Le Jardin des Simples            <\/span>\n\n    \n    <span class=\"sub-head tf_block tf_rel\">\n                    Van\u00e7ais \u2013 Tisanes &amp; Aromatiques BIO            <\/span>\n    <\/h2>\n<\/div>\n<!-- \/module fancy heading -->\n        <\/div>\n                    <div  data-lazy=\"1\" class=\"module_column sub_column col4-1 tb_h1km725\">\n                    <!-- module image -->\n<div  class=\"module module-image tb_en6w246 image-center circle  tf_mw\" data-lazy=\"1\">\n        <div class=\"image-wrap tf_rel tf_mw\">\n            <img loading=\"lazy\" decoding=\"async\" src=\"http:\/\/porteursdevivres79.com\/wp-content\/uploads\/2025\/10\/PAMPLIE-1.jpg\" width=\"330\" height=\"1024\" title=\"Les producteurs\" alt=\"Les producteurs\">    \n        <\/div>\n    <!-- \/image-wrap -->\n    \n        <\/div>\n<!-- \/module image --><!-- module fancy heading -->\n<div  class=\"module module-fancy-heading tb_rh9d328  tb_hide_divider\" data-lazy=\"1\">\n        <h2 class=\"fancy-heading tf_textc\">\n    <span class=\"main-head tf_block\">\n                    LA BOUTIQUE DE PAMPLIE            <\/span>\n\n    \n    <span class=\"sub-head tf_block tf_rel\">\n                    Pamplie \u2013 Beurrre            <\/span>\n    <\/h2>\n<\/div>\n<!-- \/module fancy heading -->\n        <\/div>\n                    <div  data-lazy=\"1\" class=\"module_column sub_column col4-1 tb_5pqd725 last\">\n                    <!-- module image -->\n<div  class=\"module module-image tb_qvxx747 image-center circle  tf_mw\" data-lazy=\"1\">\n        <div class=\"image-wrap tf_rel tf_mw\">\n            <img loading=\"lazy\" decoding=\"async\" src=\"http:\/\/porteursdevivres79.com\/wp-content\/uploads\/2025\/10\/TRUITE_FLEURIE-1.jpg\" width=\"330\" height=\"1024\" title=\"Les producteurs\" alt=\"Les producteurs\">    \n        <\/div>\n    <!-- \/image-wrap -->\n    \n        <\/div>\n<!-- \/module image --><!-- module fancy heading -->\n<div  class=\"module module-fancy-heading tb_bunq925  tb_hide_divider\" data-lazy=\"1\">\n        <h2 class=\"fancy-heading tf_textc\">\n    <span class=\"main-head tf_block\">\n                    LA TRUITE FLEURIE            <\/span>\n\n    \n    <span class=\"sub-head tf_block tf_rel\">\n                    Beaussais-Vitr\u00e9 \u2013 Truite sous toutes ses formes            <\/span>\n    <\/h2>\n<\/div>\n<!-- \/module fancy heading -->\n        <\/div>\n                    <\/div>\n                <div  data-lazy=\"1\" class=\"module_subrow themify_builder_sub_row tf_w col_align_top tb_col_count_4 tb_wtac495\">\n                <div  data-lazy=\"1\" class=\"module_column sub_column col4-1 tb_d39d495 first\">\n                    <!-- module image -->\n<div  class=\"module module-image tb_u4m2495 image-center circle  tf_mw\" data-lazy=\"1\">\n        <div class=\"image-wrap tf_rel tf_mw\">\n            <img loading=\"lazy\" decoding=\"async\" src=\"http:\/\/porteursdevivres79.com\/wp-content\/uploads\/2025\/10\/PDV_LACROIX_VIN.jpg\" width=\"330\" height=\"1024\" title=\"Les producteurs\" alt=\"Les producteurs\">    \n        <\/div>\n    <!-- \/image-wrap -->\n    \n        <\/div>\n<!-- \/module image --><!-- module fancy heading -->\n<div  class=\"module module-fancy-heading tb_fqno495  tb_hide_divider\" data-lazy=\"1\">\n        <h2 class=\"fancy-heading tf_textc\">\n    <span class=\"main-head tf_block\">\n                    DOMAINE LACROIX            <\/span>\n\n    \n    <span class=\"sub-head tf_block tf_rel\">\n                    Bouill\u00e9-Loretz \u2013 Jus de raisin, vin Sauvignon            <\/span>\n    <\/h2>\n<\/div>\n<!-- \/module fancy heading -->\n        <\/div>\n                    <div  data-lazy=\"1\" class=\"module_column sub_column col4-1 tb_4a9o495\">\n                    <!-- module image -->\n<div  class=\"module module-image tb_qb28495 image-center circle  tf_mw\" data-lazy=\"1\">\n        <div class=\"image-wrap tf_rel tf_mw\">\n            <img loading=\"lazy\" decoding=\"async\" src=\"http:\/\/porteursdevivres79.com\/wp-content\/uploads\/2025\/10\/PRIEURE_SAUVAGE.jpg\" width=\"330\" height=\"768\" title=\"Les producteurs\" alt=\"Les producteurs\">    \n        <\/div>\n    <!-- \/image-wrap -->\n    \n        <\/div>\n<!-- \/module image --><!-- module fancy heading -->\n<div  class=\"module module-fancy-heading tb_t3mc495  tb_hide_divider\" data-lazy=\"1\">\n        <h2 class=\"fancy-heading tf_textc\">\n    <span class=\"main-head tf_block\">\n                    LE PRIEUR\u00c9 SAUVAGE            <\/span>\n\n    \n    <span class=\"sub-head tf_block tf_rel\">\n                    Villiers en Plaine \u2013 Mara\u00eecher Bio            <\/span>\n    <\/h2>\n<\/div>\n<!-- \/module fancy heading -->\n        <\/div>\n                    <div  data-lazy=\"1\" class=\"module_column sub_column col4-1 tb_5clx495\">\n                    <!-- module image -->\n<div  class=\"module module-image tb_rj6p495 image-center circle  tf_mw\" data-lazy=\"1\">\n        <div class=\"image-wrap tf_rel tf_mw\">\n            <img loading=\"lazy\" decoding=\"async\" src=\"http:\/\/porteursdevivres79.com\/wp-content\/uploads\/2025\/10\/PDV_TRAIT_FRUITE.jpg\" width=\"330\" height=\"1024\" title=\"Les producteurs\" alt=\"Les producteurs\">    \n        <\/div>\n    <!-- \/image-wrap -->\n    \n        <\/div>\n<!-- \/module image --><!-- module fancy heading -->\n<div  class=\"module module-fancy-heading tb_7bi9495  tb_hide_divider\" data-lazy=\"1\">\n        <h2 class=\"fancy-heading tf_textc\">\n    <span class=\"main-head tf_block\">\n                    LE TRAIT FRUIT\u00c9            <\/span>\n\n    \n    <span class=\"sub-head tf_block tf_rel\">\n                    Mazi\u00e8res en Gatine \u2013 Compotes de pommes            <\/span>\n    <\/h2>\n<\/div>\n<!-- \/module fancy heading -->\n        <\/div>\n                    <div  data-lazy=\"1\" class=\"module_column sub_column col4-1 tb_v6dg495 last\">\n                    <!-- module image -->\n<div  class=\"module module-image tb_kbdb642 image-center circle  tf_mw\" data-lazy=\"1\">\n        <div class=\"image-wrap tf_rel tf_mw\">\n            <img loading=\"lazy\" decoding=\"async\" src=\"http:\/\/porteursdevivres79.com\/wp-content\/uploads\/2025\/10\/GALATEA.jpg\" width=\"330\" height=\"1024\" title=\"Les producteurs\" alt=\"Les producteurs\">    \n        <\/div>\n    <!-- \/image-wrap -->\n    \n        <\/div>\n<!-- \/module image --><!-- module fancy heading -->\n<div  class=\"module module-fancy-heading tb_6p8u60  tb_hide_divider\" data-lazy=\"1\">\n        <h2 class=\"fancy-heading tf_textc\">\n    <span class=\"main-head tf_block\">\n                    GALATEA            <\/span>\n\n    \n    <span class=\"sub-head tf_block tf_rel\">\n                    La Ferri\u00e8re en Parthenay \u2013 Kombucha            <\/span>\n    <\/h2>\n<\/div>\n<!-- \/module fancy heading -->\n        <\/div>\n                    <\/div>\n                <div  data-lazy=\"1\" class=\"module_subrow themify_builder_sub_row tf_w col_align_top tb_col_count_4 tb_npgu279\">\n                <div  data-lazy=\"1\" class=\"module_column sub_column col4-1 tb_do3o279 first\">\n                    <!-- module image -->\n<div  class=\"module module-image tb_az5d279 image-center circle  tf_mw\" data-lazy=\"1\">\n        <div class=\"image-wrap tf_rel tf_mw\">\n            <img loading=\"lazy\" decoding=\"async\" src=\"http:\/\/porteursdevivres79.com\/wp-content\/uploads\/2025\/10\/PDV_VERGERS_RIVAUX.jpg\" width=\"330\" height=\"1024\" title=\"Les producteurs\" alt=\"Les producteurs\">    \n        <\/div>\n    <!-- \/image-wrap -->\n    \n        <\/div>\n<!-- \/module image --><!-- module fancy heading -->\n<div  class=\"module module-fancy-heading tb_jolg279  tb_hide_divider\" data-lazy=\"1\">\n        <h2 class=\"fancy-heading tf_textc\">\n    <span class=\"main-head tf_block\">\n                    LES VERGERS DES RIVAUX            <\/span>\n\n    \n    <span class=\"sub-head tf_block tf_rel\">\n                    Secondigny \u2013 fruits locaux            <\/span>\n    <\/h2>\n<\/div>\n<!-- \/module fancy heading -->\n        <\/div>\n                    <div  data-lazy=\"1\" class=\"module_column sub_column col4-1 tb_yg0r279\">\n                    <!-- module image -->\n<div  class=\"module module-image tb_6s9k279 image-center circle  tf_mw\" data-lazy=\"1\">\n        <div class=\"image-wrap tf_rel tf_mw\">\n            <img loading=\"lazy\" decoding=\"async\" src=\"http:\/\/porteursdevivres79.com\/wp-content\/uploads\/2025\/10\/PDV_RIVESALINE.jpg\" width=\"330\" height=\"1024\" title=\"Les producteurs\" alt=\"Les producteurs\">    \n        <\/div>\n    <!-- \/image-wrap -->\n    \n        <\/div>\n<!-- \/module image --><!-- module fancy heading -->\n<div  class=\"module module-fancy-heading tb_ti6b279  tb_hide_divider\" data-lazy=\"1\">\n        <h2 class=\"fancy-heading tf_textc\">\n    <span class=\"main-head tf_block\">\n                    RIVESALINE            <\/span>\n\n    \n    <span class=\"sub-head tf_block tf_rel\">\n                    St Cl\u00e9ment des Baleines \u2013 sel, fleur de sel             <\/span>\n    <\/h2>\n<\/div>\n<!-- \/module fancy heading -->\n        <\/div>\n                    <div  data-lazy=\"1\" class=\"module_column sub_column col4-1 tb_7hqd279\">\n                    <!-- module image -->\n<div  class=\"module module-image tb_6k2t495 image-center circle  tf_mw\" data-lazy=\"1\">\n        <div class=\"image-wrap tf_rel tf_mw\">\n            <img loading=\"lazy\" decoding=\"async\" src=\"http:\/\/porteursdevivres79.com\/wp-content\/uploads\/2025\/10\/PDV_LESFEESMAISON.jpg\" width=\"330\" height=\"1024\" title=\"Les producteurs\" alt=\"Les producteurs\">    \n        <\/div>\n    <!-- \/image-wrap -->\n    \n        <\/div>\n<!-- \/module image --><!-- module fancy heading -->\n<div  class=\"module module-fancy-heading tb_sq2q495  tb_hide_divider\" data-lazy=\"1\">\n        <h2 class=\"fancy-heading tf_textc\">\n    <span class=\"main-head tf_block\">\n                    LES F\u00c9ES MAISON            <\/span>\n\n    \n    <span class=\"sub-head tf_block tf_rel\">\n                    Echir\u00e9 \u2013 gel\u00e9es romarin, gomasios, origan, sirops \u2026            <\/span>\n    <\/h2>\n<\/div>\n<!-- \/module fancy heading -->\n        <\/div>\n                    <div  data-lazy=\"1\" class=\"module_column sub_column col4-1 tb_bmvp279 last\">\n                    <!-- module image -->\n<div  class=\"module module-image tb_0ewj279 image-center circle  tf_mw\" data-lazy=\"1\">\n        <div class=\"image-wrap tf_rel tf_mw\">\n            <img loading=\"lazy\" decoding=\"async\" src=\"http:\/\/porteursdevivres79.com\/wp-content\/uploads\/2025\/10\/PDV_SUNSHINE.jpg\" width=\"330\" height=\"1024\" title=\"Les producteurs\" alt=\"Les producteurs\">    \n        <\/div>\n    <!-- \/image-wrap -->\n    \n        <\/div>\n<!-- \/module image --><!-- module fancy heading -->\n<div  class=\"module module-fancy-heading tb_685n279  tb_hide_divider\" data-lazy=\"1\">\n        <h2 class=\"fancy-heading tf_textc\">\n    <span class=\"main-head tf_block\">\n                    SUNSHINE CHOCOLAT            <\/span>\n\n    \n    <span class=\"sub-head tf_block tf_rel\">\n                    Plourin l\u00e8s Moriaix \u2013 chocolats            <\/span>\n    <\/h2>\n<\/div>\n<!-- \/module fancy heading -->\n        <\/div>\n                    <\/div>\n                <div  data-lazy=\"1\" class=\"module_subrow themify_builder_sub_row tf_w col_align_top tb_col_count_4 tb_0enm975\">\n                <div  data-lazy=\"1\" class=\"module_column sub_column col4-1 tb_xm4n975 first\">\n                    <!-- module image -->\n<div  class=\"module module-image tb_73ss279 image-center circle  tf_mw\" data-lazy=\"1\">\n        <div class=\"image-wrap tf_rel tf_mw\">\n            <img loading=\"lazy\" decoding=\"async\" src=\"http:\/\/porteursdevivres79.com\/wp-content\/uploads\/2025\/10\/PDV_SAMHOUSS.jpg\" width=\"330\" height=\"1024\" title=\"Les producteurs\" alt=\"Les producteurs\">    \n        <\/div>\n    <!-- \/image-wrap -->\n    \n        <\/div>\n<!-- \/module image --><!-- module fancy heading -->\n<div  class=\"module module-fancy-heading tb_nwzq279  tb_hide_divider\" data-lazy=\"1\">\n        <h2 class=\"fancy-heading tf_textc\">\n    <span class=\"main-head tf_block\">\n                    SAM HOUSSE            <\/span>\n\n    \n    <span class=\"sub-head tf_block tf_rel\">\n                    GERMOND-ROUVRE \u2013 savon &amp; savon-shampooing            <\/span>\n    <\/h2>\n<\/div>\n<!-- \/module fancy heading -->\n        <\/div>\n                    <div  data-lazy=\"1\" class=\"module_column sub_column col4-1 tb_yfgr975\">\n                            <\/div>\n                    <div  data-lazy=\"1\" class=\"module_column sub_column col4-1 tb_j5ct975\">\n                            <\/div>\n                    <div  data-lazy=\"1\" class=\"module_column sub_column col4-1 tb_v5vq975 last\">\n                            <\/div>\n                    <\/div>\n                <\/div>\n                        <\/div>\n        <\/div>\n        <\/div>\n<!--\/themify_builder_content-->","protected":false},"excerpt":{"rendered":"","protected":false},"author":4,"featured_media":0,"parent":0,"menu_order":0,"comment_status":"closed","ping_status":"closed","template":"","meta":{"footnotes":""},"class_list":["post-360","page","type-page","status-publish","hentry","has-post-title","has-post-date","has-post-category","has-post-tag","has-post-comment","has-post-author",""],"builder_content":"<h1>LES PRODUCTEURS<br\/><\/h1>\n<img src=\"http:\/\/porteursdevivres79.com\/wp-content\/uploads\/2025\/02\/PDV_FERME_DEUX_RIVIERES2-1.jpg\" width=\"330\" height=\"524\" title=\"Les producteurs\" alt=\"Les producteurs\">\n<h2>La Ferme des Deux rivi\u00e8res<br\/>Fenioux - mara\u00eecher bio<\/h2>\n<img src=\"http:\/\/porteursdevivres79.com\/wp-content\/uploads\/2025\/02\/VERGER_PIROUETTE.jpg\" width=\"330\" height=\"1443\" title=\"Les producteurs\" alt=\"Les producteurs\">\n<h2>LE VERGER DE PIROUETTE<br\/>Saint Pardoux - Arboriculteur fruitier BIO<\/h2>\n<img src=\"http:\/\/porteursdevivres79.com\/wp-content\/uploads\/2025\/02\/PDV_TROGNE_CHEVRE_AUDREY_portrait-1.jpg\" width=\"330\" height=\"1024\" title=\"Les producteurs\" alt=\"Les producteurs\">\n<h2>Trogne de Ch\u00e8vre<br\/>Soudan - Fromages de ch\u00e8vre BIO<\/h2>\n<img src=\"http:\/\/porteursdevivres79.com\/wp-content\/uploads\/2025\/02\/PDV_HELENE_BAILLY_portrait.jpg\" width=\"330\" height=\"1024\" title=\"Les producteurs\" alt=\"Les producteurs\">\n<h2>LA FERME DE L'OUCHERIE<br\/>Mazi\u00e8res En G\u00e2tine - Poulets, Chapons, Pintades BIO<\/h2>\n<img src=\"http:\/\/porteursdevivres79.com\/wp-content\/uploads\/2025\/02\/TROUPEAU_ROUGE_SEBASTIEN_QUINAULT.jpg\" width=\"330\" height=\"1365\" title=\"Les producteurs\" alt=\"Les producteurs\">\n<h2>EARL DU TROUPEAU ROUGE<br\/>Gourg\u00e9 \u2013 Viande bovine \u2013 Salers BIO<\/h2>\n<img src=\"http:\/\/porteursdevivres79.com\/wp-content\/uploads\/2025\/02\/Julie-et-Gregory-Fazilleau-1.jpg\" width=\"330\" height=\"354\" title=\"Les producteurs\" alt=\"Les producteurs\">\n<h2>OEUFS FAZILLEAU<br\/>Saint-Marc-La-Lande \u2013 Oeufs<\/h2>\n<img src=\"http:\/\/porteursdevivres79.com\/wp-content\/uploads\/2025\/02\/PDV_ROSE_ELISE_portrait-1.jpg\" width=\"330\" height=\"1024\" title=\"Les producteurs\" alt=\"Les producteurs\">\n<h2>LA BOULANGE DE ROSE-\u00c9LISE<br\/>Sainte-Ouenne \u2013 Boulangerie BIO<\/h2>\n<img src=\"http:\/\/porteursdevivres79.com\/wp-content\/uploads\/2025\/02\/PDV_PAINSON_portrait-1.jpg\" width=\"330\" height=\"1024\" title=\"Les producteurs\" alt=\"Les producteurs\">\n<h2>LE PAIN\u2019SON<br\/>Pougne-H\u00e9risson \u2013 Boulangerie BIO<\/h2>\n<img src=\"http:\/\/porteursdevivres79.com\/wp-content\/uploads\/2025\/02\/PDV_MATHIEU_CHUPEAU-1.jpg\" width=\"330\" height=\"1024\" title=\"Les producteurs\" alt=\"Les producteurs\">\n<h2>LA FERMETTE AUX AVETTES<br\/>Aug\u00e9 \u2013 Miels BIO<\/h2>\n<img src=\"http:\/\/porteursdevivres79.com\/wp-content\/uploads\/2025\/10\/CANARD_FRANCOIS_2.jpg\" width=\"330\" height=\"1024\" title=\"Les producteurs\" alt=\"Les producteurs\">\n<h2>Les Canards de Fran\u00e7ois<br\/>Saint Gelais \u2013 Conserves de canard<\/h2>\n<img src=\"http:\/\/porteursdevivres79.com\/wp-content\/uploads\/2025\/10\/BIODIS.jpg\" width=\"330\" height=\"1024\" title=\"Les producteurs\" alt=\"Les producteurs\">\n<h2>BIODIS<br\/>Chatillon sur Seiche \u2013 \u00c9libio et autres \u00e9picerie s\u00e8che<\/h2>\n<img src=\"http:\/\/porteursdevivres79.com\/wp-content\/uploads\/2025\/10\/Belousie.jpg\" width=\"330\" height=\"1024\" title=\"Les producteurs\" alt=\"Les producteurs\">\n<h2>Brasserie de Belousie<br\/>Surin \u2013 Bi\u00e8re<\/h2>\n<img src=\"http:\/\/porteursdevivres79.com\/wp-content\/uploads\/2025\/10\/JUTTEAU_FELIX-1.jpg\" width=\"330\" height=\"1024\" title=\"Les producteurs\" alt=\"Les producteurs\">\n<h2>Ferme de la Trouv\u00e8re<br\/>Verruyes \u2013 Vinaigre de cidre<\/h2>\n<img src=\"http:\/\/porteursdevivres79.com\/wp-content\/uploads\/2025\/02\/JARDIN_DES_SIMPLES-1.jpg\" width=\"330\" height=\"620\" title=\"Les producteurs\" alt=\"Les producteurs\">\n<h2>Le Jardin des Simples<br\/>Van\u00e7ais \u2013 Tisanes & Aromatiques BIO<\/h2>\n<img src=\"http:\/\/porteursdevivres79.com\/wp-content\/uploads\/2025\/10\/PAMPLIE-1.jpg\" width=\"330\" height=\"1024\" title=\"Les producteurs\" alt=\"Les producteurs\">\n<h2>LA BOUTIQUE DE PAMPLIE<br\/>Pamplie \u2013 Beurrre<\/h2>\n<img src=\"http:\/\/porteursdevivres79.com\/wp-content\/uploads\/2025\/10\/TRUITE_FLEURIE-1.jpg\" width=\"330\" height=\"1024\" title=\"Les producteurs\" alt=\"Les producteurs\">\n<h2>LA TRUITE FLEURIE<br\/>Beaussais-Vitr\u00e9 \u2013 Truite sous toutes ses formes<\/h2>\n<img src=\"http:\/\/porteursdevivres79.com\/wp-content\/uploads\/2025\/10\/PDV_LACROIX_VIN.jpg\" width=\"330\" height=\"1024\" title=\"Les producteurs\" alt=\"Les producteurs\">\n<h2>DOMAINE LACROIX<br\/>Bouill\u00e9-Loretz \u2013 Jus de raisin, vin Sauvignon<\/h2>\n<img src=\"http:\/\/porteursdevivres79.com\/wp-content\/uploads\/2025\/10\/PRIEURE_SAUVAGE.jpg\" width=\"330\" height=\"768\" title=\"Les producteurs\" alt=\"Les producteurs\">\n<h2>LE PRIEUR\u00c9 SAUVAGE<br\/>Villiers en Plaine \u2013 Mara\u00eecher Bio<\/h2>\n<img src=\"http:\/\/porteursdevivres79.com\/wp-content\/uploads\/2025\/10\/PDV_TRAIT_FRUITE.jpg\" width=\"330\" height=\"1024\" title=\"Les producteurs\" alt=\"Les producteurs\">\n<h2>LE TRAIT FRUIT\u00c9<br\/>Mazi\u00e8res en Gatine \u2013 Compotes de pommes<\/h2>\n<img src=\"http:\/\/porteursdevivres79.com\/wp-content\/uploads\/2025\/10\/GALATEA.jpg\" width=\"330\" height=\"1024\" title=\"Les producteurs\" alt=\"Les producteurs\">\n<h2>GALATEA<br\/>La Ferri\u00e8re en Parthenay \u2013 Kombucha<\/h2>\n<img src=\"http:\/\/porteursdevivres79.com\/wp-content\/uploads\/2025\/10\/PDV_VERGERS_RIVAUX.jpg\" width=\"330\" height=\"1024\" title=\"Les producteurs\" alt=\"Les producteurs\">\n<h2>LES VERGERS DES RIVAUX<br\/>Secondigny \u2013 fruits locaux<\/h2>\n<img src=\"http:\/\/porteursdevivres79.com\/wp-content\/uploads\/2025\/10\/PDV_RIVESALINE.jpg\" width=\"330\" height=\"1024\" title=\"Les producteurs\" alt=\"Les producteurs\">\n<h2>RIVESALINE<br\/>St Cl\u00e9ment des Baleines \u2013 sel, fleur de sel <\/h2>\n<img src=\"http:\/\/porteursdevivres79.com\/wp-content\/uploads\/2025\/10\/PDV_LESFEESMAISON.jpg\" width=\"330\" height=\"1024\" title=\"Les producteurs\" alt=\"Les producteurs\">\n<h2>LES F\u00c9ES MAISON<br\/>Echir\u00e9 \u2013 gel\u00e9es romarin, gomasios, origan, sirops \u2026<\/h2>\n<img src=\"http:\/\/porteursdevivres79.com\/wp-content\/uploads\/2025\/10\/PDV_SUNSHINE.jpg\" width=\"330\" height=\"1024\" title=\"Les producteurs\" alt=\"Les producteurs\">\n<h2>SUNSHINE CHOCOLAT<br\/>Plourin l\u00e8s Moriaix \u2013 chocolats<\/h2>\n<img src=\"http:\/\/porteursdevivres79.com\/wp-content\/uploads\/2025\/10\/PDV_SAMHOUSS.jpg\" width=\"330\" height=\"1024\" title=\"Les producteurs\" alt=\"Les producteurs\">\n<h2>SAM HOUSSE<br\/>GERMOND-ROUVRE \u2013 savon & savon-shampooing<\/h2>","_links":{"self":[{"href":"https:\/\/www.porteursdevivres.fr\/index.php\/wp-json\/wp\/v2\/pages\/360","targetHints":{"allow":["GET"]}}],"collection":[{"href":"https:\/\/www.porteursdevivres.fr\/index.php\/wp-json\/wp\/v2\/pages"}],"about":[{"href":"https:\/\/www.porteursdevivres.fr\/index.php\/wp-json\/wp\/v2\/types\/page"}],"author":[{"embeddable":true,"href":"https:\/\/www.porteursdevivres.fr\/index.php\/wp-json\/wp\/v2\/users\/4"}],"replies":[{"embeddable":true,"href":"https:\/\/www.porteursdevivres.fr\/index.php\/wp-json\/wp\/v2\/comments?post=360"}],"version-history":[{"count":201,"href":"https:\/\/www.porteursdevivres.fr\/index.php\/wp-json\/wp\/v2\/pages\/360\/revisions"}],"predecessor-version":[{"id":4687,"href":"https:\/\/www.porteursdevivres.fr\/index.php\/wp-json\/wp\/v2\/pages\/360\/revisions\/4687"}],"wp:attachment":[{"href":"https:\/\/www.porteursdevivres.fr\/index.php\/wp-json\/wp\/v2\/media?parent=360"}],"curies":[{"name":"wp","href":"https:\/\/api.w.org\/{rel}","templated":true}]}}